{"id":3469,"date":"2026-04-28T01:19:56","date_gmt":"2026-04-27T23:19:56","guid":{"rendered":"https:\/\/v-o-c.de\/?post_type=tribe_events&#038;p=3469"},"modified":"2026-04-28T01:26:14","modified_gmt":"2026-04-27T23:26:14","slug":"choere-feiern-gemeinschaftskonzert-des-vocs","status":"publish","type":"tribe_events","link":"https:\/\/v-o-c.de\/index.php\/event\/choere-feiern-gemeinschaftskonzert-des-vocs\/","title":{"rendered":"Ch\u00f6re feiern &#8211; Gemeinschaftskonzert des VOCs"},"content":{"rendered":"<div  class=\"tribe-events-schedule tribe-clearfix\" >\n\t<p class=\"tribe-events-schedule__datetime\">\n\t\t<span class=\"tribe-events-schedule__date tribe-events-schedule__date--start\">\n\t\t\t12. Juni\t\t<\/span>\n\n\t\t\t\t\t<span class=\"tribe-events-schedule__separator tribe-events-schedule__separator--date\">\n\t\t\t\t @ \t\t\t<\/span>\n\t\t\t<span class=\"tribe-events-schedule__time tribe-events-schedule__time--start\">\n\t\t\t\t19:00\t\t\t<\/span>\n\t\t\n\t\t\t\t\t\t\t\t\t<span class=\"tribe-events-schedule__separator tribe-events-schedule__separator--time\">\n\t\t\t\t\t &#8211; \t\t\t\t<\/span>\n\t\t\t\n\t\t\t\t\t\t\t<span class=\"tribe-events-schedule__time tribe-events-schedule__time--end\">\n\t\t\t\t\t21:00\t\t\t\t<\/span>\n\t\t\t\n\t\t\t\t\t\t<\/p>\n<\/div>\n\n\n\n<p>Bei diesem Konzert wird es eine breitgef\u00e4cherte Mischung moderner Chormusik geben. Zum einen kommt der schon lange f\u00fcr seinen guten Ruf in punkto Nachwuchsarbeit bekannte\u00a0<a href=\"https:\/\/singkreisdeuerling.de\/\" target=\"_blank\" rel=\"noreferrer noopener\"><strong>Singkreis Deuerling<\/strong><\/a>\u00a0mit zwei seiner Ch\u00f6re; seinem Kinderchor und seinem Jugendchor.<\/p>\n\n\n\n<figure class=\"wp-block-image size-large\"><img fetchpriority=\"high\" decoding=\"async\" width=\"1024\" height=\"681\" src=\"https:\/\/v-o-c.de\/wp-content\/uploads\/2025\/05\/DSC7610-1024x681.jpg\" alt=\"\" class=\"wp-image-2490\" srcset=\"https:\/\/v-o-c.de\/wp-content\/uploads\/2025\/05\/DSC7610-1024x681.jpg 1024w, https:\/\/v-o-c.de\/wp-content\/uploads\/2025\/05\/DSC7610-300x200.jpg 300w, https:\/\/v-o-c.de\/wp-content\/uploads\/2025\/05\/DSC7610-768x511.jpg 768w, https:\/\/v-o-c.de\/wp-content\/uploads\/2025\/05\/DSC7610.jpg 1400w\" sizes=\"(max-width: 1024px) 100vw, 1024px\" \/><figcaption class=\"wp-element-caption\"><strong><sup>photo credits: singkreis deuerling<\/sup><\/strong><\/figcaption><\/figure>\n\n\n\n<p><a href=\"https:\/\/lehramehra.de\/\" target=\"_blank\" rel=\"noreferrer noopener\"><strong>Lehra&amp;Mehra<\/strong><\/a>\u00a0eine Formation aus Cham, die seit 25 Jahren mit Ihrem klassischen Repertoire begeistert. Egal ob Blaibach, der Barocksaal in Walderbach oder das Audimax &#8211; LeraUndMehra stehen f\u00fcr au\u00dfergew\u00f6hnliche Konzerte auf hohem Niveau.<\/p>\n\n\n\n<figure class=\"wp-block-image size-full\"><img decoding=\"async\" width=\"952\" height=\"493\" src=\"https:\/\/v-o-c.de\/wp-content\/uploads\/2026\/02\/lehra-mehra_pic.jpg\" alt=\"\" class=\"wp-image-3173\" srcset=\"https:\/\/v-o-c.de\/wp-content\/uploads\/2026\/02\/lehra-mehra_pic.jpg 952w, https:\/\/v-o-c.de\/wp-content\/uploads\/2026\/02\/lehra-mehra_pic-300x155.jpg 300w, https:\/\/v-o-c.de\/wp-content\/uploads\/2026\/02\/lehra-mehra_pic-768x398.jpg 768w\" sizes=\"(max-width: 952px) 100vw, 952px\" \/><figcaption class=\"wp-element-caption\"><strong><sup>photo credits: lehra &amp; mehra<\/sup><\/strong><\/figcaption><\/figure>\n\n\n\n<p>Aller guten Dinge sind ja bekanntlich drei! Der Lokalmatador\u00a0<a href=\"https:\/\/heartchor.de\/\" target=\"_blank\" rel=\"noreferrer noopener\"><strong>Heart Chor<\/strong><\/a> wird am Freitag mit seinem bis zu 8-stimmigen Pop-Arrangement, die z.T. extra f\u00fcr den Chor in Auftrag gegeben werden, die B\u00fchne des Kolpinghauses bespielen. Heart Chor bedeutet Mainstream mit Sound und Inhalt.<\/p>\n\n\n\n<figure class=\"wp-block-image size-large\"><img decoding=\"async\" width=\"1024\" height=\"512\" src=\"https:\/\/v-o-c.de\/wp-content\/uploads\/2024\/10\/heart-chor_1200x600-1024x512.jpg\" alt=\"\" class=\"wp-image-2024\" srcset=\"https:\/\/v-o-c.de\/wp-content\/uploads\/2024\/10\/heart-chor_1200x600-1024x512.jpg 1024w, https:\/\/v-o-c.de\/wp-content\/uploads\/2024\/10\/heart-chor_1200x600-300x150.jpg 300w, https:\/\/v-o-c.de\/wp-content\/uploads\/2024\/10\/heart-chor_1200x600-768x384.jpg 768w, https:\/\/v-o-c.de\/wp-content\/uploads\/2024\/10\/heart-chor_1200x600.jpg 1200w\" sizes=\"(max-width: 1024px) 100vw, 1024px\" \/><figcaption class=\"wp-element-caption\"><strong><sup>photo credits: J\u00f6rg N\u00fctzel<\/sup><\/strong><\/figcaption><\/figure>\n\n\n<div  class=\"tribe-block tribe-block__event-price\" >\n\t\t<\/div>\n\n\n\n\n<div  class=\"tribe-block tribe-block__venue tribe-clearfix\" >\n\t\n\t\n<div class=\"tribe-block__venue__meta\">\n\t<div class=\"tribe-block__venue__name\">\n\t\t<h3>Kolpinghaus<\/h3>\n\t<\/div>\n\n\t\n\t\t\t\t\t\t<address class=\"tribe-block__venue__address\">\n\t\t\t\t<span class=\"tribe-address\">\n\n<span class=\"tribe-street-address\">Adolph-Kolping-Stra\u00dfe 1<\/span>\n\t\n\t\t<br>\n\t\t<span class=\"tribe-locality\">Regensburg<\/span><span class=\"tribe-delimiter\">,<\/span>\n\n\t<abbr class=\"tribe-region tribe-events-abbr\" title=\"Bayern\">Bayern<\/abbr>\n\n\t<span class=\"tribe-postal-code\">93047<\/span>\n\n\t<span class=\"tribe-country-name\">Germany<\/span>\n\n<\/span>\n\n\t\t\t\t\t\t\t<\/address>\n\t\t\n\t\t\n\t\t\t\t\t<span class=\"tribe-block__venue__website\"><a href=\"https:\/\/kolpinghaus-regensburg.de\/\" target=\"_self\" rel=\"external\">Veranstaltungsort-Website anzeigen<\/a><\/span><br \/>\n\t\t\t\n\t<\/div>\n\t\n\t<\/div>\n\n\n\n\n\t<div  class=\"tribe-block tribe-block__events-link\" >\n\t\t<div class=\"tribe-events tribe-common\">\n\t\t\t<div class=\"tribe-events-c-subscribe-dropdown__container\">\n\t\t\t\t<div class=\"tribe-events-c-subscribe-dropdown\">\n\t\t\t\t\t<div class=\"tribe-common-c-btn-border tribe-events-c-subscribe-dropdown__button\">\n\t\t\t\t\t\t<svg\n\t class=\"tribe-common-c-svgicon tribe-common-c-svgicon--cal-export tribe-events-c-subscribe-dropdown__export-icon\" \taria-hidden=\"true\"\n\tviewBox=\"0 0 23 17\"\n\txmlns=\"http:\/\/www.w3.org\/2000\/svg\"\n>\n\t<path fill-rule=\"evenodd\" clip-rule=\"evenodd\" d=\"M.128.896V16.13c0 .211.145.383.323.383h15.354c.179 0 .323-.172.323-.383V.896c0-.212-.144-.383-.323-.383H.451C.273.513.128.684.128.896Zm16 6.742h-.901V4.679H1.009v10.729h14.218v-3.336h.901V7.638ZM1.01 1.614h14.218v2.058H1.009V1.614Z\" \/>\n\t<path d=\"M20.5 9.846H8.312M18.524 6.953l2.89 2.909-2.855 2.855\" stroke-width=\"1.2\" stroke-linecap=\"round\" stroke-linejoin=\"round\"\/>\n<\/svg>\n\t\t\t\t\t\t<button\n\t\t\t\t\t\t\tclass=\"tribe-events-c-subscribe-dropdown__button-text\"\n\t\t\t\t\t\t\taria-expanded=\"false\"\n\t\t\t\t\t\t\taria-controls=\"tribe-events-subscribe-dropdown-content\"\n\t\t\t\t\t\t\taria-label=\"Zeige Links an um Veranstaltungen zu deinem Kalender hinzuzuf\u00fcgen\"\n\t\t\t\t\t\t>\n\t\t\t\t\t\t\tZum Kalender hinzuf\u00fcgen\t\t\t\t\t\t<\/button>\n\t\t\t\t\t\t<svg\n\t class=\"tribe-common-c-svgicon tribe-common-c-svgicon--caret-down tribe-events-c-subscribe-dropdown__button-icon\" \taria-hidden=\"true\"\n\tviewBox=\"0 0 10 7\"\n\txmlns=\"http:\/\/www.w3.org\/2000\/svg\"\n>\n\t<path fill-rule=\"evenodd\" clip-rule=\"evenodd\" d=\"M1.008.609L5 4.6 8.992.61l.958.958L5 6.517.05 1.566l.958-.958z\" class=\"tribe-common-c-svgicon__svg-fill\"\/>\n<\/svg>\n\t\t\t\t\t<\/div>\n\t\t\t\t\t<div id=\"tribe-events-subscribe-dropdown-content\" class=\"tribe-events-c-subscribe-dropdown__content\">\n\t\t\t\t\t\t<ul class=\"tribe-events-c-subscribe-dropdown__list\">\n\t\t\t\t\t\t\t\t\t\t\t\t\t\t\t<li class=\"tribe-events-c-subscribe-dropdown__list-item tribe-events-c-subscribe-dropdown__list-item--gcal\">\n\t\t\t\t\t\t\t\t\t<a\n\t\t\t\t\t\t\t\t\t\thref=\"https:\/\/www.google.com\/calendar\/event?action=TEMPLATE&#038;dates=20260612T190000\/20260612T210000&#038;text=Ch%C3%B6re%20feiern%20%26%238211%3B%20Gemeinschaftskonzert%20des%20VOCs&#038;details=%3Cp%3EBei+diesem+Konzert+wird+es+eine+breitgef%C3%A4cherte+Mischung+moderner+Chormusik+geben.+Zum+einen+kommt+der+schon+lange+f%C3%BCr+seinen+guten+Ruf+in+punkto+Nachwuchsarbeit+bekannte%C2%A0%3Ca+href%3D%22https%3A%2F%2Fsingkreisdeuerling.de%2F%22+target%3D%22_blank%22+rel%3D%22noreferrer+noopener%22%3E%3Cstrong%3ESingkreis+Deuerling%3C%2Fstrong%3E%3C%2Fa%3E%C2%A0mit+zwei+seiner+Ch%C3%B6re%3B+seinem+Kinderchor+und+seinem+Jugendchor.%3C%2Fp%3E+%3Cfigure+class%3D%22wp-block-image+size-large%22%3E%3Cimg+src%3D%22https%3A%2F%2Fv-o-c.de%2Fwp-content%2Fuploads%2F2025%2F05%2FDSC7610-1024x681.jpg%22+alt%3D%22%22+class%3D%22wp-image-2490%22%2F%3E%3Cfigcaption+class%3D%22wp-element-caption%22%3E%3Cstrong%3E%3Csup%3Ephoto+credits%3A+singkreis+deuerling%3C%2Fsup%3E%3C%2Fstrong%3E%3C%2Ffigcaption%3E%3C%2Ffigure%3E%3Cp%3E%3Ca+href%3D%22https%3A%2F%2Flehramehra.de%2F%22+target%3D%22_blank%22+rel%3D%22noreferrer+noopener%22%3E%3Cstrong%3ELehra%26amp%3BMehra%3C%2Fstrong%3E%3C%2Fa%3E%C2%A0eine+Formation+aus+Cham%2C+die+seit+25+Jahren+mit+Ihrem+klassischen+Repertoire+begeistert.+Egal+ob+Blaibach%2C+der+Barocksaal+in+Walderbach+oder+das+Audimax+-+LeraUndMehra+stehen+f%C3%BCr+au%C3%9Fergew%C3%B6hnliche+Konzerte+auf+hohem+Niveau.%3C%2F%3C%2Fp%3E+%28Zeige+vollst%C3%A4ndige+Veranstaltung-Beschreibung+hier+an%3A+https%3A%2F%2Fv-o-c.de%2Findex.php%2Fevent%2Fchoere-feiern-gemeinschaftskonzert-des-vocs%2F%29&#038;location=Kolpinghaus,%20Adolph-Kolping-Stra\u00dfe%201,%20Regensburg,%20Bayern,%2093047,%20Germany&#038;trp=false&#038;ctz=Europe\/Berlin&#038;sprop=website:https:\/\/v-o-c.de\"\n\t\t\t\t\t\t\t\t\t\tclass=\"tribe-events-c-subscribe-dropdown__list-item-link\"\n\t\t\t\t\t\t\t\t\t\ttarget=\"_blank\"\n\t\t\t\t\t\t\t\t\t\trel=\"noopener noreferrer nofollow noindex\"\n\t\t\t\t\t\t\t\t\t>\n\t\t\t\t\t\t\t\t\t\tGoogle Kalender\t\t\t\t\t\t\t\t\t<\/a>\n\t\t\t\t\t\t\t\t<\/li>\n\t\t\t\t\t\t\t\t\t\t\t\t\t\t\t<li class=\"tribe-events-c-subscribe-dropdown__list-item tribe-events-c-subscribe-dropdown__list-item--ical\">\n\t\t\t\t\t\t\t\t\t<a\n\t\t\t\t\t\t\t\t\t\thref=\"\"\n\t\t\t\t\t\t\t\t\t\tclass=\"tribe-events-c-subscribe-dropdown__list-item-link\"\n\t\t\t\t\t\t\t\t\t\ttarget=\"_blank\"\n\t\t\t\t\t\t\t\t\t\trel=\"noopener noreferrer nofollow noindex\"\n\t\t\t\t\t\t\t\t\t>\n\t\t\t\t\t\t\t\t\t\tiCalendar\t\t\t\t\t\t\t\t\t<\/a>\n\t\t\t\t\t\t\t\t<\/li>\n\t\t\t\t\t\t\t\t\t\t\t\t\t\t\t<li class=\"tribe-events-c-subscribe-dropdown__list-item tribe-events-c-subscribe-dropdown__list-item--outlook-365\">\n\t\t\t\t\t\t\t\t\t<a\n\t\t\t\t\t\t\t\t\t\thref=\"\"\n\t\t\t\t\t\t\t\t\t\tclass=\"tribe-events-c-subscribe-dropdown__list-item-link\"\n\t\t\t\t\t\t\t\t\t\ttarget=\"_blank\"\n\t\t\t\t\t\t\t\t\t\trel=\"noopener noreferrer nofollow noindex\"\n\t\t\t\t\t\t\t\t\t>\n\t\t\t\t\t\t\t\t\t\tOutlook 365\t\t\t\t\t\t\t\t\t<\/a>\n\t\t\t\t\t\t\t\t<\/li>\n\t\t\t\t\t\t\t\t\t\t\t\t\t\t\t<li class=\"tribe-events-c-subscribe-dropdown__list-item tribe-events-c-subscribe-dropdown__list-item--outlook-live\">\n\t\t\t\t\t\t\t\t\t<a\n\t\t\t\t\t\t\t\t\t\thref=\"\"\n\t\t\t\t\t\t\t\t\t\tclass=\"tribe-events-c-subscribe-dropdown__list-item-link\"\n\t\t\t\t\t\t\t\t\t\ttarget=\"_blank\"\n\t\t\t\t\t\t\t\t\t\trel=\"noopener noreferrer nofollow noindex\"\n\t\t\t\t\t\t\t\t\t>\n\t\t\t\t\t\t\t\t\t\tOutlook Live\t\t\t\t\t\t\t\t\t<\/a>\n\t\t\t\t\t\t\t\t<\/li>\n\t\t\t\t\t\t\t\t\t\t\t\t\t<\/ul>\n\t\t\t\t\t<\/div>\n\t\t\t\t<\/div>\n\t\t\t<\/div>\n\t\t<\/div>\n\t<\/div>\n\n\n\n\n\n","protected":false},"excerpt":{"rendered":"<div class=\"mh-excerpt\"><p>Bei diesem Konzert wird es eine breitgef\u00e4cherte Mischung moderner Chormusik geben. Zum einen kommt der schon lange f\u00fcr seinen guten Ruf in punkto Nachwuchsarbeit bekannte\u00a0Singkreis <a class=\"mh-excerpt-more\" href=\"https:\/\/v-o-c.de\/index.php\/event\/choere-feiern-gemeinschaftskonzert-des-vocs\/\" title=\"Ch\u00f6re feiern &#8211; Gemeinschaftskonzert des VOCs\">[&#8230;]<\/a><\/p>\n<\/div>","protected":false},"author":2,"featured_media":3436,"template":"","meta":{"_price":"","_stock":"","_tribe_ticket_header":"","_tribe_default_ticket_provider":"","_tribe_ticket_capacity":"","_ticket_start_date":"","_ticket_end_date":"","_tribe_ticket_show_description":"","_tribe_ticket_show_not_going":false,"_tribe_ticket_use_global_stock":"","_tribe_ticket_global_stock_level":"","_global_stock_mode":"","_global_stock_cap":"","_tribe_rsvp_for_event":"","_tribe_ticket_going_count":"","_tribe_ticket_not_going_count":"","_tribe_tickets_list":"[]","_tribe_ticket_has_attendee_info_fields":false,"_EventAllDay":false,"_EventTimezone":"Europe\/Berlin","_EventStartDate":"2026-06-12 19:00:00","_EventEndDate":"2026-06-12 21:00:00","_EventStartDateUTC":"2026-06-12 17:00:00","_EventEndDateUTC":"2026-06-12 19:00:00","_EventShowMap":false,"_EventShowMapLink":false,"_EventURL":"","_EventCost":"","_EventCostDescription":"","_EventCurrencySymbol":"\u20ac","_EventCurrencyCode":"EUR","_EventCurrencyPosition":"prefix","_EventDateTimeSeparator":" @ ","_EventTimeRangeSeparator":" - ","_EventOrganizerID":[],"_EventVenueID":[3445],"_OrganizerEmail":"","_OrganizerPhone":"","_OrganizerWebsite":"","_VenueAddress":"","_VenueCity":"","_VenueCountry":"","_VenueProvince":"","_VenueState":"","_VenueZip":"","_VenuePhone":"","_VenueURL":"","_VenueStateProvince":"","_VenueLat":"","_VenueLng":"","_VenueShowMap":false,"_VenueShowMapLink":false,"_tribe_events_status":"","_tribe_events_status_reason":"","footnotes":"","_tec_slr_enabled":"","_tec_slr_layout":""},"tags":[],"tribe_events_cat":[51],"class_list":["post-3469","tribe_events","type-tribe_events","status-publish","has-post-thumbnail","hentry","tribe_events_cat-konzerte","cat_konzerte"],"yoast_head":"<!-- This site is optimized with the Yoast SEO plugin v27.4 - https:\/\/yoast.com\/product\/yoast-seo-wordpress\/ -->\n<title>Ch\u00f6re feiern - Gemeinschaftskonzert des VOCs - Verband Oberpf\u00e4lzer Ch\u00f6re<\/title>\n<meta name=\"robots\" content=\"index, follow, max-snippet:-1, max-image-preview:large, max-video-preview:-1\" \/>\n<link rel=\"canonical\" href=\"https:\/\/v-o-c.de\/index.php\/event\/choere-feiern-gemeinschaftskonzert-des-vocs\/\" \/>\n<meta property=\"og:locale\" content=\"de_DE\" \/>\n<meta property=\"og:type\" content=\"article\" \/>\n<meta property=\"og:title\" content=\"Ch\u00f6re feiern - Gemeinschaftskonzert des VOCs - Verband Oberpf\u00e4lzer Ch\u00f6re\" \/>\n<meta property=\"og:description\" content=\"Bei diesem Konzert wird es eine breitgef\u00e4cherte Mischung moderner Chormusik geben. Zum einen kommt der schon lange f\u00fcr seinen guten Ruf in punkto Nachwuchsarbeit bekannte\u00a0Singkreis [...]\" \/>\n<meta property=\"og:url\" content=\"https:\/\/v-o-c.de\/index.php\/event\/choere-feiern-gemeinschaftskonzert-des-vocs\/\" \/>\n<meta property=\"og:site_name\" content=\"Verband Oberpf\u00e4lzer Ch\u00f6re\" \/>\n<meta property=\"article:modified_time\" content=\"2026-04-27T23:26:14+00:00\" \/>\n<meta property=\"og:image\" content=\"https:\/\/v-o-c.de\/wp-content\/uploads\/2026\/04\/voc-plakat_2026-Small-1.jpg\" \/>\n\t<meta property=\"og:image:width\" content=\"480\" \/>\n\t<meta property=\"og:image:height\" content=\"683\" \/>\n\t<meta property=\"og:image:type\" content=\"image\/jpeg\" \/>\n<meta name=\"twitter:card\" content=\"summary_large_image\" \/>\n<meta name=\"twitter:label1\" content=\"Gesch\u00e4tzte Lesezeit\" \/>\n\t<meta name=\"twitter:data1\" content=\"2\u00a0Minuten\" \/>\n<script type=\"application\/ld+json\" class=\"yoast-schema-graph\">{\"@context\":\"https:\\\/\\\/schema.org\",\"@graph\":[{\"@type\":\"WebPage\",\"@id\":\"https:\\\/\\\/v-o-c.de\\\/index.php\\\/event\\\/choere-feiern-gemeinschaftskonzert-des-vocs\\\/\",\"url\":\"https:\\\/\\\/v-o-c.de\\\/index.php\\\/event\\\/choere-feiern-gemeinschaftskonzert-des-vocs\\\/\",\"name\":\"Ch\u00f6re feiern - Gemeinschaftskonzert des VOCs - Verband Oberpf\u00e4lzer Ch\u00f6re\",\"isPartOf\":{\"@id\":\"https:\\\/\\\/v-o-c.de\\\/#website\"},\"primaryImageOfPage\":{\"@id\":\"https:\\\/\\\/v-o-c.de\\\/index.php\\\/event\\\/choere-feiern-gemeinschaftskonzert-des-vocs\\\/#primaryimage\"},\"image\":{\"@id\":\"https:\\\/\\\/v-o-c.de\\\/index.php\\\/event\\\/choere-feiern-gemeinschaftskonzert-des-vocs\\\/#primaryimage\"},\"thumbnailUrl\":\"https:\\\/\\\/v-o-c.de\\\/wp-content\\\/uploads\\\/2026\\\/04\\\/voc-plakat_2026-Small-1.jpg\",\"datePublished\":\"2026-04-27T23:19:56+00:00\",\"dateModified\":\"2026-04-27T23:26:14+00:00\",\"breadcrumb\":{\"@id\":\"https:\\\/\\\/v-o-c.de\\\/index.php\\\/event\\\/choere-feiern-gemeinschaftskonzert-des-vocs\\\/#breadcrumb\"},\"inLanguage\":\"de\",\"potentialAction\":[{\"@type\":\"ReadAction\",\"target\":[\"https:\\\/\\\/v-o-c.de\\\/index.php\\\/event\\\/choere-feiern-gemeinschaftskonzert-des-vocs\\\/\"]}]},{\"@type\":\"ImageObject\",\"inLanguage\":\"de\",\"@id\":\"https:\\\/\\\/v-o-c.de\\\/index.php\\\/event\\\/choere-feiern-gemeinschaftskonzert-des-vocs\\\/#primaryimage\",\"url\":\"https:\\\/\\\/v-o-c.de\\\/wp-content\\\/uploads\\\/2026\\\/04\\\/voc-plakat_2026-Small-1.jpg\",\"contentUrl\":\"https:\\\/\\\/v-o-c.de\\\/wp-content\\\/uploads\\\/2026\\\/04\\\/voc-plakat_2026-Small-1.jpg\",\"width\":480,\"height\":683},{\"@type\":\"BreadcrumbList\",\"@id\":\"https:\\\/\\\/v-o-c.de\\\/index.php\\\/event\\\/choere-feiern-gemeinschaftskonzert-des-vocs\\\/#breadcrumb\",\"itemListElement\":[{\"@type\":\"ListItem\",\"position\":1,\"name\":\"Startseite\",\"item\":\"https:\\\/\\\/v-o-c.de\\\/\"},{\"@type\":\"ListItem\",\"position\":2,\"name\":\"Veranstaltungen\",\"item\":\"https:\\\/\\\/v-o-c.de\\\/index.php\\\/events\\\/\"},{\"@type\":\"ListItem\",\"position\":3,\"name\":\"Ch\u00f6re feiern &#8211; Gemeinschaftskonzert des VOCs\"}]},{\"@type\":\"WebSite\",\"@id\":\"https:\\\/\\\/v-o-c.de\\\/#website\",\"url\":\"https:\\\/\\\/v-o-c.de\\\/\",\"name\":\"Verband Oberpf\u00e4lzer Ch\u00f6re\",\"description\":\"Drehscheibe f\u00fcr Vokal-Musik in der Oberpfalz\",\"publisher\":{\"@id\":\"https:\\\/\\\/v-o-c.de\\\/#organization\"},\"potentialAction\":[{\"@type\":\"SearchAction\",\"target\":{\"@type\":\"EntryPoint\",\"urlTemplate\":\"https:\\\/\\\/v-o-c.de\\\/?s={search_term_string}\"},\"query-input\":{\"@type\":\"PropertyValueSpecification\",\"valueRequired\":true,\"valueName\":\"search_term_string\"}}],\"inLanguage\":\"de\"},{\"@type\":\"Organization\",\"@id\":\"https:\\\/\\\/v-o-c.de\\\/#organization\",\"name\":\"Verband Oberpf\u00e4lzer Ch\u00f6re\",\"url\":\"https:\\\/\\\/v-o-c.de\\\/\",\"logo\":{\"@type\":\"ImageObject\",\"inLanguage\":\"de\",\"@id\":\"https:\\\/\\\/v-o-c.de\\\/#\\\/schema\\\/logo\\\/image\\\/\",\"url\":\"https:\\\/\\\/v-o-c.de\\\/wp-content\\\/uploads\\\/2023\\\/05\\\/cropped-VOC_Grafik_1080x250.jpg\",\"contentUrl\":\"https:\\\/\\\/v-o-c.de\\\/wp-content\\\/uploads\\\/2023\\\/05\\\/cropped-VOC_Grafik_1080x250.jpg\",\"width\":1080,\"height\":249,\"caption\":\"Verband Oberpf\u00e4lzer Ch\u00f6re\"},\"image\":{\"@id\":\"https:\\\/\\\/v-o-c.de\\\/#\\\/schema\\\/logo\\\/image\\\/\"}}]}<\/script>\n<!-- \/ Yoast SEO plugin. -->","yoast_head_json":{"title":"Ch\u00f6re feiern - Gemeinschaftskonzert des VOCs - Verband Oberpf\u00e4lzer Ch\u00f6re","robots":{"index":"index","follow":"follow","max-snippet":"max-snippet:-1","max-image-preview":"max-image-preview:large","max-video-preview":"max-video-preview:-1"},"canonical":"https:\/\/v-o-c.de\/index.php\/event\/choere-feiern-gemeinschaftskonzert-des-vocs\/","og_locale":"de_DE","og_type":"article","og_title":"Ch\u00f6re feiern - Gemeinschaftskonzert des VOCs - Verband Oberpf\u00e4lzer Ch\u00f6re","og_description":"Bei diesem Konzert wird es eine breitgef\u00e4cherte Mischung moderner Chormusik geben. Zum einen kommt der schon lange f\u00fcr seinen guten Ruf in punkto Nachwuchsarbeit bekannte\u00a0Singkreis [...]","og_url":"https:\/\/v-o-c.de\/index.php\/event\/choere-feiern-gemeinschaftskonzert-des-vocs\/","og_site_name":"Verband Oberpf\u00e4lzer Ch\u00f6re","article_modified_time":"2026-04-27T23:26:14+00:00","og_image":[{"width":480,"height":683,"url":"https:\/\/v-o-c.de\/wp-content\/uploads\/2026\/04\/voc-plakat_2026-Small-1.jpg","type":"image\/jpeg"}],"twitter_card":"summary_large_image","twitter_misc":{"Gesch\u00e4tzte Lesezeit":"2\u00a0Minuten"},"schema":{"@context":"https:\/\/schema.org","@graph":[{"@type":"WebPage","@id":"https:\/\/v-o-c.de\/index.php\/event\/choere-feiern-gemeinschaftskonzert-des-vocs\/","url":"https:\/\/v-o-c.de\/index.php\/event\/choere-feiern-gemeinschaftskonzert-des-vocs\/","name":"Ch\u00f6re feiern - Gemeinschaftskonzert des VOCs - Verband Oberpf\u00e4lzer Ch\u00f6re","isPartOf":{"@id":"https:\/\/v-o-c.de\/#website"},"primaryImageOfPage":{"@id":"https:\/\/v-o-c.de\/index.php\/event\/choere-feiern-gemeinschaftskonzert-des-vocs\/#primaryimage"},"image":{"@id":"https:\/\/v-o-c.de\/index.php\/event\/choere-feiern-gemeinschaftskonzert-des-vocs\/#primaryimage"},"thumbnailUrl":"https:\/\/v-o-c.de\/wp-content\/uploads\/2026\/04\/voc-plakat_2026-Small-1.jpg","datePublished":"2026-04-27T23:19:56+00:00","dateModified":"2026-04-27T23:26:14+00:00","breadcrumb":{"@id":"https:\/\/v-o-c.de\/index.php\/event\/choere-feiern-gemeinschaftskonzert-des-vocs\/#breadcrumb"},"inLanguage":"de","potentialAction":[{"@type":"ReadAction","target":["https:\/\/v-o-c.de\/index.php\/event\/choere-feiern-gemeinschaftskonzert-des-vocs\/"]}]},{"@type":"ImageObject","inLanguage":"de","@id":"https:\/\/v-o-c.de\/index.php\/event\/choere-feiern-gemeinschaftskonzert-des-vocs\/#primaryimage","url":"https:\/\/v-o-c.de\/wp-content\/uploads\/2026\/04\/voc-plakat_2026-Small-1.jpg","contentUrl":"https:\/\/v-o-c.de\/wp-content\/uploads\/2026\/04\/voc-plakat_2026-Small-1.jpg","width":480,"height":683},{"@type":"BreadcrumbList","@id":"https:\/\/v-o-c.de\/index.php\/event\/choere-feiern-gemeinschaftskonzert-des-vocs\/#breadcrumb","itemListElement":[{"@type":"ListItem","position":1,"name":"Startseite","item":"https:\/\/v-o-c.de\/"},{"@type":"ListItem","position":2,"name":"Veranstaltungen","item":"https:\/\/v-o-c.de\/index.php\/events\/"},{"@type":"ListItem","position":3,"name":"Ch\u00f6re feiern &#8211; Gemeinschaftskonzert des VOCs"}]},{"@type":"WebSite","@id":"https:\/\/v-o-c.de\/#website","url":"https:\/\/v-o-c.de\/","name":"Verband Oberpf\u00e4lzer Ch\u00f6re","description":"Drehscheibe f\u00fcr Vokal-Musik in der Oberpfalz","publisher":{"@id":"https:\/\/v-o-c.de\/#organization"},"potentialAction":[{"@type":"SearchAction","target":{"@type":"EntryPoint","urlTemplate":"https:\/\/v-o-c.de\/?s={search_term_string}"},"query-input":{"@type":"PropertyValueSpecification","valueRequired":true,"valueName":"search_term_string"}}],"inLanguage":"de"},{"@type":"Organization","@id":"https:\/\/v-o-c.de\/#organization","name":"Verband Oberpf\u00e4lzer Ch\u00f6re","url":"https:\/\/v-o-c.de\/","logo":{"@type":"ImageObject","inLanguage":"de","@id":"https:\/\/v-o-c.de\/#\/schema\/logo\/image\/","url":"https:\/\/v-o-c.de\/wp-content\/uploads\/2023\/05\/cropped-VOC_Grafik_1080x250.jpg","contentUrl":"https:\/\/v-o-c.de\/wp-content\/uploads\/2023\/05\/cropped-VOC_Grafik_1080x250.jpg","width":1080,"height":249,"caption":"Verband Oberpf\u00e4lzer Ch\u00f6re"},"image":{"@id":"https:\/\/v-o-c.de\/#\/schema\/logo\/image\/"}}]}},"publishpress_future_workflow_manual_trigger":{"enabledWorkflows":[]},"ticketed":false,"_links":{"self":[{"href":"https:\/\/v-o-c.de\/index.php\/wp-json\/wp\/v2\/tribe_events\/3469","targetHints":{"allow":["GET"]}}],"collection":[{"href":"https:\/\/v-o-c.de\/index.php\/wp-json\/wp\/v2\/tribe_events"}],"about":[{"href":"https:\/\/v-o-c.de\/index.php\/wp-json\/wp\/v2\/types\/tribe_events"}],"author":[{"embeddable":true,"href":"https:\/\/v-o-c.de\/index.php\/wp-json\/wp\/v2\/users\/2"}],"version-history":[{"count":4,"href":"https:\/\/v-o-c.de\/index.php\/wp-json\/wp\/v2\/tribe_events\/3469\/revisions"}],"predecessor-version":[{"id":3475,"href":"https:\/\/v-o-c.de\/index.php\/wp-json\/wp\/v2\/tribe_events\/3469\/revisions\/3475"}],"wp:featuredmedia":[{"embeddable":true,"href":"https:\/\/v-o-c.de\/index.php\/wp-json\/wp\/v2\/media\/3436"}],"wp:attachment":[{"href":"https:\/\/v-o-c.de\/index.php\/wp-json\/wp\/v2\/media?parent=3469"}],"wp:term":[{"taxonomy":"post_tag","embeddable":true,"href":"https:\/\/v-o-c.de\/index.php\/wp-json\/wp\/v2\/tags?post=3469"},{"taxonomy":"tribe_events_cat","embeddable":true,"href":"https:\/\/v-o-c.de\/index.php\/wp-json\/wp\/v2\/tribe_events_cat?post=3469"}],"curies":[{"name":"wp","href":"https:\/\/api.w.org\/{rel}","templated":true}]}}