{"id":3448,"date":"2026-04-28T00:00:38","date_gmt":"2026-04-27T22:00:38","guid":{"rendered":"https:\/\/v-o-c.de\/?post_type=tribe_events&#038;p=3448"},"modified":"2026-04-28T00:02:32","modified_gmt":"2026-04-27T22:02:32","slug":"chor-fuer-alle-schnuppern-im-popchor","status":"publish","type":"tribe_events","link":"https:\/\/v-o-c.de\/index.php\/event\/chor-fuer-alle-schnuppern-im-popchor\/","title":{"rendered":"Chor f\u00fcr Alle: Schnuppern im Popchor"},"content":{"rendered":"\n<figure class=\"wp-block-image size-full\"><img fetchpriority=\"high\" decoding=\"async\" width=\"546\" height=\"273\" src=\"https:\/\/v-o-c.de\/wp-content\/uploads\/2024\/03\/chor-fuer-alle-2024_artikel-header.jpg\" alt=\"\" class=\"wp-image-1719\" srcset=\"https:\/\/v-o-c.de\/wp-content\/uploads\/2024\/03\/chor-fuer-alle-2024_artikel-header.jpg 546w, https:\/\/v-o-c.de\/wp-content\/uploads\/2024\/03\/chor-fuer-alle-2024_artikel-header-300x150.jpg 300w\" sizes=\"(max-width: 546px) 100vw, 546px\" \/><\/figure>\n\n\n<div  class=\"tribe-events-schedule tribe-clearfix\" >\n\t<p class=\"tribe-events-schedule__datetime\">\n\t\t<span class=\"tribe-events-schedule__date tribe-events-schedule__date--start\">\n\t\t\t3. Juli\t\t<\/span>\n\n\t\t\t\t\t<span class=\"tribe-events-schedule__separator tribe-events-schedule__separator--date\">\n\t\t\t\t @ \t\t\t<\/span>\n\t\t\t<span class=\"tribe-events-schedule__time tribe-events-schedule__time--start\">\n\t\t\t\t19:00\t\t\t<\/span>\n\t\t\n\t\t\t\t\t\t\t\t\t<span class=\"tribe-events-schedule__separator tribe-events-schedule__separator--time\">\n\t\t\t\t\t &#8211; \t\t\t\t<\/span>\n\t\t\t\n\t\t\t\t\t\t\t<span class=\"tribe-events-schedule__time tribe-events-schedule__time--end\">\n\t\t\t\t\t22:00\t\t\t\t<\/span>\n\t\t\t\n\t\t\t\t\t\t<\/p>\n<\/div>\n\n\n\n<p>Am <strong>Freitag, 03. Juli um 19 Uhr<\/strong> veranstaltet der <strong><a href=\"https:\/\/bayerischersaengerbund.de\/index.html\" target=\"_blank\" rel=\"noreferrer noopener\">Bayerische S\u00e4ngerbund<\/a><\/strong> in Zusammenarbeit mit dem <strong><a href=\"https:\/\/kultur-forschung.de\/\" target=\"_blank\" rel=\"noreferrer noopener\">F\u00f6rderverein f\u00fcr Kultur und Forschung Bogen-Oberalteich<\/a><\/strong> und dem <strong>Verband der Oberpf\u00e4lzer Ch\u00f6re <\/strong>einen \u201eChor f\u00fcr Alle\u201c im Kulturforum Oberalteich. Pop-Chormusik f\u00fcr alle, die Lust auf mehrstimmiges Singen haben!<\/p>\n\n\n\n<div style=\"height:35px\" aria-hidden=\"true\" class=\"wp-block-spacer\"><\/div>\n\n\n\n<p>Im Mittelpunkt stehen zwei spannende Arrangements: \u201e<strong>Liegen ist Frieden<\/strong>\u201c (Elen), Arr. Nane Bache; und \u201e<strong>Sommer in der Stadt<\/strong>\u201c (Spider Murphy Gang), Arr. Oliver Gies. Der Abend bietet die Gelegenheit, mehrstimmige Pop-Songs kennenzulernen, stilistische Feinheiten auszuarbeiten und gemeinsam einen kraftvollen Chorklang zu entwickeln.<\/p>\n\n\n\n<div style=\"height:36px\" aria-hidden=\"true\" class=\"wp-block-spacer\"><\/div>\n\n\n\n<p>Das Ziel der Veranstaltung ist es zum einen, den S\u00e4nger:innen der Ch\u00f6re Gelegenheit zu bieten, in gr\u00f6\u00dferer Runde zu singen, sich zu vernetzen oder Pop-Arrangements auszuprobieren; zum anderen sollen Menschen angesprochen werden, die im Moment \u201echorlos\u201c oder auf der Suche nach einem Chor sind. Je nach eigener Erwartungshaltung sind Notenkenntnisse hilfreich bis erforderlich. Willkommen sind jedoch alle S\u00e4nger:innen, mit oder ohne Chor(erfahrung), die Freude an der Mehrstimmigkeit haben.<\/p>\n\n\n\n<div style=\"height:36px\" aria-hidden=\"true\" class=\"wp-block-spacer\"><\/div>\n\n\n\n<p><strong>Kulturforum Oberalteich (Bogen) am Freitag, 03. Juli<\/strong><\/p>\n\n\n\n<p>Leitung: <strong>Vroni Bertsch<\/strong><\/p>\n\n\n\n<p>Organisation: F\u00f6rderverein f\u00fcr Kultur und Forschung Bogen-Oberalteich e. V. \/ Verband Oberpf\u00e4lzer Ch\u00f6re e. V. \/ Bayerischer S\u00e4ngerbund<\/p>\n\n\n\n<p>Ort: KulturForum der Stadt Bogen, Klosterhof 1, 94327 Bogen<\/p>\n\n\n\n<p>Uhrzeit: 19-22 Uhr<\/p>\n\n\n\n<p>Maximale Teilnehmer:innenzahl: 60<\/p>\n\n\n\n<p><strong>Die Veranstaltung ist f\u00fcr alle Teilnehmenden kostenlos.<\/strong><\/p>\n\n\n\n<p>Die Anmeldung erfolgt \u00fcber die Webseite des Bayerischen S\u00e4ngerbunds. https:\/\/www.bayerischersaengerbund.de<\/p>\n\n\n\n<p>Weitere Termine dieser Veranstaltung sind:<\/p>\n\n\n\n<p>Weitere Termine sind<br>09. Oktober, Vaterstetten mit Agnes Ha\u00dfler<br>16. Oktober, Bruckm\u00fchl mit Anna-Lena Kr\u00f6n<\/p>\n\n\n<div  class=\"tribe-block tribe-block__event-price\" >\n\t\t<\/div>\n\n\n\n\n<div  class=\"tribe-block tribe-block__venue tribe-clearfix\" >\n\t\n\t\t\n\t<\/div>\n\n\n\n\n\t<div  class=\"tribe-block tribe-block__events-link\" >\n\t\t<div class=\"tribe-events tribe-common\">\n\t\t\t<div class=\"tribe-events-c-subscribe-dropdown__container\">\n\t\t\t\t<div class=\"tribe-events-c-subscribe-dropdown\">\n\t\t\t\t\t<div class=\"tribe-common-c-btn-border tribe-events-c-subscribe-dropdown__button\">\n\t\t\t\t\t\t<svg\n\t class=\"tribe-common-c-svgicon tribe-common-c-svgicon--cal-export tribe-events-c-subscribe-dropdown__export-icon\" \taria-hidden=\"true\"\n\tviewBox=\"0 0 23 17\"\n\txmlns=\"http:\/\/www.w3.org\/2000\/svg\"\n>\n\t<path fill-rule=\"evenodd\" clip-rule=\"evenodd\" d=\"M.128.896V16.13c0 .211.145.383.323.383h15.354c.179 0 .323-.172.323-.383V.896c0-.212-.144-.383-.323-.383H.451C.273.513.128.684.128.896Zm16 6.742h-.901V4.679H1.009v10.729h14.218v-3.336h.901V7.638ZM1.01 1.614h14.218v2.058H1.009V1.614Z\" \/>\n\t<path d=\"M20.5 9.846H8.312M18.524 6.953l2.89 2.909-2.855 2.855\" stroke-width=\"1.2\" stroke-linecap=\"round\" stroke-linejoin=\"round\"\/>\n<\/svg>\n\t\t\t\t\t\t<button\n\t\t\t\t\t\t\tclass=\"tribe-events-c-subscribe-dropdown__button-text\"\n\t\t\t\t\t\t\taria-expanded=\"false\"\n\t\t\t\t\t\t\taria-controls=\"tribe-events-subscribe-dropdown-content\"\n\t\t\t\t\t\t\taria-label=\"Zeige Links an um Veranstaltungen zu deinem Kalender hinzuzuf\u00fcgen\"\n\t\t\t\t\t\t>\n\t\t\t\t\t\t\tZum Kalender hinzuf\u00fcgen\t\t\t\t\t\t<\/button>\n\t\t\t\t\t\t<svg\n\t class=\"tribe-common-c-svgicon tribe-common-c-svgicon--caret-down tribe-events-c-subscribe-dropdown__button-icon\" \taria-hidden=\"true\"\n\tviewBox=\"0 0 10 7\"\n\txmlns=\"http:\/\/www.w3.org\/2000\/svg\"\n>\n\t<path fill-rule=\"evenodd\" clip-rule=\"evenodd\" d=\"M1.008.609L5 4.6 8.992.61l.958.958L5 6.517.05 1.566l.958-.958z\" class=\"tribe-common-c-svgicon__svg-fill\"\/>\n<\/svg>\n\t\t\t\t\t<\/div>\n\t\t\t\t\t<div id=\"tribe-events-subscribe-dropdown-content\" class=\"tribe-events-c-subscribe-dropdown__content\">\n\t\t\t\t\t\t<ul class=\"tribe-events-c-subscribe-dropdown__list\">\n\t\t\t\t\t\t\t\t\t\t\t\t\t\t\t<li class=\"tribe-events-c-subscribe-dropdown__list-item tribe-events-c-subscribe-dropdown__list-item--gcal\">\n\t\t\t\t\t\t\t\t\t<a\n\t\t\t\t\t\t\t\t\t\thref=\"https:\/\/www.google.com\/calendar\/event?action=TEMPLATE&#038;dates=20260703T190000\/20260703T220000&#038;text=Chor%20f%C3%BCr%20Alle%3A%20Schnuppern%20im%20Popchor&#038;details=%3Cfigure+class%3D%22wp-block-image+size-full%22%3E%3Cimg+src%3D%22https%3A%2F%2Fv-o-c.de%2Fwp-content%2Fuploads%2F2024%2F03%2Fchor-fuer-alle-2024_artikel-header.jpg%22+alt%3D%22%22+class%3D%22wp-image-1719%22%2F%3E%3C%2Ffigure%3E%3Cp%3EAm+%3Cstrong%3EFreitag%2C+03.+Juli+um+19+Uhr%3C%2Fstrong%3E+veranstaltet+der+%3Cstrong%3E%3Ca+href%3D%22https%3A%2F%2Fbayerischersaengerbund.de%2Findex.html%22+target%3D%22_blank%22+rel%3D%22noreferrer+noopener%22%3EBayerische+S%C3%A4ngerbund%3C%2Fa%3E%3C%2Fstrong%3E+in+Zusammenarbeit+mit+dem+%3Cstrong%3E%3Ca+href%3D%22https%3A%2F%2Fkultur-forschung.de%2F%22+target%3D%22_blank%22+rel%3D%22noreferrer+noopener%22%3EF%C3%B6rderverein+f%C3%BCr+Kultur+und+Forschung+Bogen-Oberalteich%3C%2Fa%3E%3C%2Fstrong%3E+und+dem+%3Cstrong%3EVerband+der+Oberpf%C3%A4lzer+Ch%C3%B6re+%3C%2Fstrong%3Eeinen+%E2%80%9EChor+f%C3%BCr+Alle%E2%80%9C+im+Kulturforum+Oberalteich.+Pop-Chormusik+f%C3%BCr+alle%2C+die+Lust+auf+mehrstimmiges+Singen+haben%21%3C%2Fp%3E+%3Cdiv+style%3D%22height%3A35px%22+aria-hidden%3D%22true%22+class%3D%22wp-block-spacer%22%3E%3C%2Fdiv%3E%3Cp%3EIm+Mittelpunkt+stehen+zwei+spannende+Arrangements%3A+%E2%80%9E%3Cstrong%3ELiegen+ist+Frieden%3C%2Fstrong%3E%E2%80%9C+%28Elen%29%2C+Arr.+Nane+Bache%3B+und+%E2%80%9E%3Cstrong%3ESommer+in+der+Stadt%3C%3C%2Fstrong%3E%3C%2Fp%3E+%28Zeige+vollst%C3%A4ndige+Veranstaltung-Beschreibung+hier+an%3A+https%3A%2F%2Fv-o-c.de%2Findex.php%2Fevent%2Fchor-fuer-alle-schnuppern-im-popchor%2F%29&#038;trp=false&#038;ctz=Europe\/Berlin&#038;sprop=website:https:\/\/v-o-c.de\"\n\t\t\t\t\t\t\t\t\t\tclass=\"tribe-events-c-subscribe-dropdown__list-item-link\"\n\t\t\t\t\t\t\t\t\t\ttarget=\"_blank\"\n\t\t\t\t\t\t\t\t\t\trel=\"noopener noreferrer nofollow noindex\"\n\t\t\t\t\t\t\t\t\t>\n\t\t\t\t\t\t\t\t\t\tGoogle Kalender\t\t\t\t\t\t\t\t\t<\/a>\n\t\t\t\t\t\t\t\t<\/li>\n\t\t\t\t\t\t\t\t\t\t\t\t\t\t\t<li class=\"tribe-events-c-subscribe-dropdown__list-item tribe-events-c-subscribe-dropdown__list-item--ical\">\n\t\t\t\t\t\t\t\t\t<a\n\t\t\t\t\t\t\t\t\t\thref=\"\"\n\t\t\t\t\t\t\t\t\t\tclass=\"tribe-events-c-subscribe-dropdown__list-item-link\"\n\t\t\t\t\t\t\t\t\t\ttarget=\"_blank\"\n\t\t\t\t\t\t\t\t\t\trel=\"noopener noreferrer nofollow noindex\"\n\t\t\t\t\t\t\t\t\t>\n\t\t\t\t\t\t\t\t\t\tiCalendar\t\t\t\t\t\t\t\t\t<\/a>\n\t\t\t\t\t\t\t\t<\/li>\n\t\t\t\t\t\t\t\t\t\t\t\t\t\t\t<li class=\"tribe-events-c-subscribe-dropdown__list-item tribe-events-c-subscribe-dropdown__list-item--outlook-365\">\n\t\t\t\t\t\t\t\t\t<a\n\t\t\t\t\t\t\t\t\t\thref=\"\"\n\t\t\t\t\t\t\t\t\t\tclass=\"tribe-events-c-subscribe-dropdown__list-item-link\"\n\t\t\t\t\t\t\t\t\t\ttarget=\"_blank\"\n\t\t\t\t\t\t\t\t\t\trel=\"noopener noreferrer nofollow noindex\"\n\t\t\t\t\t\t\t\t\t>\n\t\t\t\t\t\t\t\t\t\tOutlook 365\t\t\t\t\t\t\t\t\t<\/a>\n\t\t\t\t\t\t\t\t<\/li>\n\t\t\t\t\t\t\t\t\t\t\t\t\t\t\t<li class=\"tribe-events-c-subscribe-dropdown__list-item tribe-events-c-subscribe-dropdown__list-item--outlook-live\">\n\t\t\t\t\t\t\t\t\t<a\n\t\t\t\t\t\t\t\t\t\thref=\"\"\n\t\t\t\t\t\t\t\t\t\tclass=\"tribe-events-c-subscribe-dropdown__list-item-link\"\n\t\t\t\t\t\t\t\t\t\ttarget=\"_blank\"\n\t\t\t\t\t\t\t\t\t\trel=\"noopener noreferrer nofollow noindex\"\n\t\t\t\t\t\t\t\t\t>\n\t\t\t\t\t\t\t\t\t\tOutlook Live\t\t\t\t\t\t\t\t\t<\/a>\n\t\t\t\t\t\t\t\t<\/li>\n\t\t\t\t\t\t\t\t\t\t\t\t\t<\/ul>\n\t\t\t\t\t<\/div>\n\t\t\t\t<\/div>\n\t\t\t<\/div>\n\t\t<\/div>\n\t<\/div>\n\n\n\n\n\n","protected":false},"excerpt":{"rendered":"<div class=\"mh-excerpt\"><p>Am Freitag, 03. Juli um 19 Uhr veranstaltet der Bayerische S\u00e4ngerbund in Zusammenarbeit mit dem F\u00f6rderverein f\u00fcr Kultur und Forschung Bogen-Oberalteich und dem Verband der <a class=\"mh-excerpt-more\" href=\"https:\/\/v-o-c.de\/index.php\/event\/chor-fuer-alle-schnuppern-im-popchor\/\" title=\"Chor f\u00fcr Alle: Schnuppern im Popchor\">[&#8230;]<\/a><\/p>\n<\/div>","protected":false},"author":2,"featured_media":1719,"template":"","meta":{"_price":"","_stock":"","_tribe_ticket_header":"","_tribe_default_ticket_provider":"","_tribe_ticket_capacity":"","_ticket_start_date":"","_ticket_end_date":"","_tribe_ticket_show_description":"","_tribe_ticket_show_not_going":false,"_tribe_ticket_use_global_stock":"","_tribe_ticket_global_stock_level":"","_global_stock_mode":"","_global_stock_cap":"","_tribe_rsvp_for_event":"","_tribe_ticket_going_count":"","_tribe_ticket_not_going_count":"","_tribe_tickets_list":"[]","_tribe_ticket_has_attendee_info_fields":false,"_EventAllDay":false,"_EventTimezone":"Europe\/Berlin","_EventStartDate":"2026-07-03 19:00:00","_EventEndDate":"2026-07-03 22:00:00","_EventStartDateUTC":"2026-07-03 17:00:00","_EventEndDateUTC":"2026-07-03 20:00:00","_EventShowMap":false,"_EventShowMapLink":false,"_EventURL":"","_EventCost":"","_EventCostDescription":"","_EventCurrencySymbol":"\u20ac","_EventCurrencyCode":"EUR","_EventCurrencyPosition":"prefix","_EventDateTimeSeparator":" @ ","_EventTimeRangeSeparator":" - ","_EventOrganizerID":[],"_EventVenueID":[],"_OrganizerEmail":"","_OrganizerPhone":"","_OrganizerWebsite":"","_VenueAddress":"","_VenueCity":"","_VenueCountry":"","_VenueProvince":"","_VenueState":"","_VenueZip":"","_VenuePhone":"","_VenueURL":"","_VenueStateProvince":"","_VenueLat":"","_VenueLng":"","_VenueShowMap":false,"_VenueShowMapLink":false,"_tribe_events_status":"","_tribe_events_status_reason":"","footnotes":"","_tec_slr_enabled":"","_tec_slr_layout":""},"tags":[211,213,123,15,214,215,16,14],"tribe_events_cat":[52],"class_list":["post-3448","tribe_events","type-tribe_events","status-publish","has-post-thumbnail","hentry","tag-bayerischer-saengerbung","tag-bsb","tag-chor-fuer-alle","tag-gesang","tag-nane-bache","tag-oliver-gies","tag-singen","tag-vokal","tribe_events_cat-workshops","cat_workshops"],"yoast_head":"<!-- This site is optimized with the Yoast SEO plugin v27.4 - https:\/\/yoast.com\/product\/yoast-seo-wordpress\/ -->\n<title>Chor f\u00fcr Alle: Schnuppern im Popchor - Verband Oberpf\u00e4lzer Ch\u00f6re<\/title>\n<meta name=\"robots\" content=\"index, follow, max-snippet:-1, max-image-preview:large, max-video-preview:-1\" \/>\n<link rel=\"canonical\" href=\"https:\/\/v-o-c.de\/index.php\/event\/chor-fuer-alle-schnuppern-im-popchor\/\" \/>\n<meta property=\"og:locale\" content=\"de_DE\" \/>\n<meta property=\"og:type\" content=\"article\" \/>\n<meta property=\"og:title\" content=\"Chor f\u00fcr Alle: Schnuppern im Popchor - Verband Oberpf\u00e4lzer Ch\u00f6re\" \/>\n<meta property=\"og:description\" content=\"Am Freitag, 03. Juli um 19 Uhr veranstaltet der Bayerische S\u00e4ngerbund in Zusammenarbeit mit dem F\u00f6rderverein f\u00fcr Kultur und Forschung Bogen-Oberalteich und dem Verband der [...]\" \/>\n<meta property=\"og:url\" content=\"https:\/\/v-o-c.de\/index.php\/event\/chor-fuer-alle-schnuppern-im-popchor\/\" \/>\n<meta property=\"og:site_name\" content=\"Verband Oberpf\u00e4lzer Ch\u00f6re\" \/>\n<meta property=\"article:modified_time\" content=\"2026-04-27T22:02:32+00:00\" \/>\n<meta property=\"og:image\" content=\"https:\/\/v-o-c.de\/wp-content\/uploads\/2024\/03\/chor-fuer-alle-2024_artikel-header.jpg\" \/>\n\t<meta property=\"og:image:width\" content=\"546\" \/>\n\t<meta property=\"og:image:height\" content=\"273\" \/>\n\t<meta property=\"og:image:type\" content=\"image\/jpeg\" \/>\n<meta name=\"twitter:card\" content=\"summary_large_image\" \/>\n<meta name=\"twitter:label1\" content=\"Gesch\u00e4tzte Lesezeit\" \/>\n\t<meta name=\"twitter:data1\" content=\"2\u00a0Minuten\" \/>\n<script type=\"application\/ld+json\" class=\"yoast-schema-graph\">{\"@context\":\"https:\\\/\\\/schema.org\",\"@graph\":[{\"@type\":\"WebPage\",\"@id\":\"https:\\\/\\\/v-o-c.de\\\/index.php\\\/event\\\/chor-fuer-alle-schnuppern-im-popchor\\\/\",\"url\":\"https:\\\/\\\/v-o-c.de\\\/index.php\\\/event\\\/chor-fuer-alle-schnuppern-im-popchor\\\/\",\"name\":\"Chor f\u00fcr Alle: Schnuppern im Popchor - Verband Oberpf\u00e4lzer Ch\u00f6re\",\"isPartOf\":{\"@id\":\"https:\\\/\\\/v-o-c.de\\\/#website\"},\"primaryImageOfPage\":{\"@id\":\"https:\\\/\\\/v-o-c.de\\\/index.php\\\/event\\\/chor-fuer-alle-schnuppern-im-popchor\\\/#primaryimage\"},\"image\":{\"@id\":\"https:\\\/\\\/v-o-c.de\\\/index.php\\\/event\\\/chor-fuer-alle-schnuppern-im-popchor\\\/#primaryimage\"},\"thumbnailUrl\":\"https:\\\/\\\/v-o-c.de\\\/wp-content\\\/uploads\\\/2024\\\/03\\\/chor-fuer-alle-2024_artikel-header.jpg\",\"datePublished\":\"2026-04-27T22:00:38+00:00\",\"dateModified\":\"2026-04-27T22:02:32+00:00\",\"breadcrumb\":{\"@id\":\"https:\\\/\\\/v-o-c.de\\\/index.php\\\/event\\\/chor-fuer-alle-schnuppern-im-popchor\\\/#breadcrumb\"},\"inLanguage\":\"de\",\"potentialAction\":[{\"@type\":\"ReadAction\",\"target\":[\"https:\\\/\\\/v-o-c.de\\\/index.php\\\/event\\\/chor-fuer-alle-schnuppern-im-popchor\\\/\"]}]},{\"@type\":\"ImageObject\",\"inLanguage\":\"de\",\"@id\":\"https:\\\/\\\/v-o-c.de\\\/index.php\\\/event\\\/chor-fuer-alle-schnuppern-im-popchor\\\/#primaryimage\",\"url\":\"https:\\\/\\\/v-o-c.de\\\/wp-content\\\/uploads\\\/2024\\\/03\\\/chor-fuer-alle-2024_artikel-header.jpg\",\"contentUrl\":\"https:\\\/\\\/v-o-c.de\\\/wp-content\\\/uploads\\\/2024\\\/03\\\/chor-fuer-alle-2024_artikel-header.jpg\",\"width\":546,\"height\":273},{\"@type\":\"BreadcrumbList\",\"@id\":\"https:\\\/\\\/v-o-c.de\\\/index.php\\\/event\\\/chor-fuer-alle-schnuppern-im-popchor\\\/#breadcrumb\",\"itemListElement\":[{\"@type\":\"ListItem\",\"position\":1,\"name\":\"Startseite\",\"item\":\"https:\\\/\\\/v-o-c.de\\\/\"},{\"@type\":\"ListItem\",\"position\":2,\"name\":\"Veranstaltungen\",\"item\":\"https:\\\/\\\/v-o-c.de\\\/index.php\\\/events\\\/\"},{\"@type\":\"ListItem\",\"position\":3,\"name\":\"Chor f\u00fcr Alle: Schnuppern im Popchor\"}]},{\"@type\":\"WebSite\",\"@id\":\"https:\\\/\\\/v-o-c.de\\\/#website\",\"url\":\"https:\\\/\\\/v-o-c.de\\\/\",\"name\":\"Verband Oberpf\u00e4lzer Ch\u00f6re\",\"description\":\"Drehscheibe f\u00fcr Vokal-Musik in der Oberpfalz\",\"publisher\":{\"@id\":\"https:\\\/\\\/v-o-c.de\\\/#organization\"},\"potentialAction\":[{\"@type\":\"SearchAction\",\"target\":{\"@type\":\"EntryPoint\",\"urlTemplate\":\"https:\\\/\\\/v-o-c.de\\\/?s={search_term_string}\"},\"query-input\":{\"@type\":\"PropertyValueSpecification\",\"valueRequired\":true,\"valueName\":\"search_term_string\"}}],\"inLanguage\":\"de\"},{\"@type\":\"Organization\",\"@id\":\"https:\\\/\\\/v-o-c.de\\\/#organization\",\"name\":\"Verband Oberpf\u00e4lzer Ch\u00f6re\",\"url\":\"https:\\\/\\\/v-o-c.de\\\/\",\"logo\":{\"@type\":\"ImageObject\",\"inLanguage\":\"de\",\"@id\":\"https:\\\/\\\/v-o-c.de\\\/#\\\/schema\\\/logo\\\/image\\\/\",\"url\":\"https:\\\/\\\/v-o-c.de\\\/wp-content\\\/uploads\\\/2023\\\/05\\\/cropped-VOC_Grafik_1080x250.jpg\",\"contentUrl\":\"https:\\\/\\\/v-o-c.de\\\/wp-content\\\/uploads\\\/2023\\\/05\\\/cropped-VOC_Grafik_1080x250.jpg\",\"width\":1080,\"height\":249,\"caption\":\"Verband Oberpf\u00e4lzer Ch\u00f6re\"},\"image\":{\"@id\":\"https:\\\/\\\/v-o-c.de\\\/#\\\/schema\\\/logo\\\/image\\\/\"}}]}<\/script>\n<!-- \/ Yoast SEO plugin. -->","yoast_head_json":{"title":"Chor f\u00fcr Alle: Schnuppern im Popchor - Verband Oberpf\u00e4lzer Ch\u00f6re","robots":{"index":"index","follow":"follow","max-snippet":"max-snippet:-1","max-image-preview":"max-image-preview:large","max-video-preview":"max-video-preview:-1"},"canonical":"https:\/\/v-o-c.de\/index.php\/event\/chor-fuer-alle-schnuppern-im-popchor\/","og_locale":"de_DE","og_type":"article","og_title":"Chor f\u00fcr Alle: Schnuppern im Popchor - Verband Oberpf\u00e4lzer Ch\u00f6re","og_description":"Am Freitag, 03. Juli um 19 Uhr veranstaltet der Bayerische S\u00e4ngerbund in Zusammenarbeit mit dem F\u00f6rderverein f\u00fcr Kultur und Forschung Bogen-Oberalteich und dem Verband der [...]","og_url":"https:\/\/v-o-c.de\/index.php\/event\/chor-fuer-alle-schnuppern-im-popchor\/","og_site_name":"Verband Oberpf\u00e4lzer Ch\u00f6re","article_modified_time":"2026-04-27T22:02:32+00:00","og_image":[{"width":546,"height":273,"url":"https:\/\/v-o-c.de\/wp-content\/uploads\/2024\/03\/chor-fuer-alle-2024_artikel-header.jpg","type":"image\/jpeg"}],"twitter_card":"summary_large_image","twitter_misc":{"Gesch\u00e4tzte Lesezeit":"2\u00a0Minuten"},"schema":{"@context":"https:\/\/schema.org","@graph":[{"@type":"WebPage","@id":"https:\/\/v-o-c.de\/index.php\/event\/chor-fuer-alle-schnuppern-im-popchor\/","url":"https:\/\/v-o-c.de\/index.php\/event\/chor-fuer-alle-schnuppern-im-popchor\/","name":"Chor f\u00fcr Alle: Schnuppern im Popchor - Verband Oberpf\u00e4lzer Ch\u00f6re","isPartOf":{"@id":"https:\/\/v-o-c.de\/#website"},"primaryImageOfPage":{"@id":"https:\/\/v-o-c.de\/index.php\/event\/chor-fuer-alle-schnuppern-im-popchor\/#primaryimage"},"image":{"@id":"https:\/\/v-o-c.de\/index.php\/event\/chor-fuer-alle-schnuppern-im-popchor\/#primaryimage"},"thumbnailUrl":"https:\/\/v-o-c.de\/wp-content\/uploads\/2024\/03\/chor-fuer-alle-2024_artikel-header.jpg","datePublished":"2026-04-27T22:00:38+00:00","dateModified":"2026-04-27T22:02:32+00:00","breadcrumb":{"@id":"https:\/\/v-o-c.de\/index.php\/event\/chor-fuer-alle-schnuppern-im-popchor\/#breadcrumb"},"inLanguage":"de","potentialAction":[{"@type":"ReadAction","target":["https:\/\/v-o-c.de\/index.php\/event\/chor-fuer-alle-schnuppern-im-popchor\/"]}]},{"@type":"ImageObject","inLanguage":"de","@id":"https:\/\/v-o-c.de\/index.php\/event\/chor-fuer-alle-schnuppern-im-popchor\/#primaryimage","url":"https:\/\/v-o-c.de\/wp-content\/uploads\/2024\/03\/chor-fuer-alle-2024_artikel-header.jpg","contentUrl":"https:\/\/v-o-c.de\/wp-content\/uploads\/2024\/03\/chor-fuer-alle-2024_artikel-header.jpg","width":546,"height":273},{"@type":"BreadcrumbList","@id":"https:\/\/v-o-c.de\/index.php\/event\/chor-fuer-alle-schnuppern-im-popchor\/#breadcrumb","itemListElement":[{"@type":"ListItem","position":1,"name":"Startseite","item":"https:\/\/v-o-c.de\/"},{"@type":"ListItem","position":2,"name":"Veranstaltungen","item":"https:\/\/v-o-c.de\/index.php\/events\/"},{"@type":"ListItem","position":3,"name":"Chor f\u00fcr Alle: Schnuppern im Popchor"}]},{"@type":"WebSite","@id":"https:\/\/v-o-c.de\/#website","url":"https:\/\/v-o-c.de\/","name":"Verband Oberpf\u00e4lzer Ch\u00f6re","description":"Drehscheibe f\u00fcr Vokal-Musik in der Oberpfalz","publisher":{"@id":"https:\/\/v-o-c.de\/#organization"},"potentialAction":[{"@type":"SearchAction","target":{"@type":"EntryPoint","urlTemplate":"https:\/\/v-o-c.de\/?s={search_term_string}"},"query-input":{"@type":"PropertyValueSpecification","valueRequired":true,"valueName":"search_term_string"}}],"inLanguage":"de"},{"@type":"Organization","@id":"https:\/\/v-o-c.de\/#organization","name":"Verband Oberpf\u00e4lzer Ch\u00f6re","url":"https:\/\/v-o-c.de\/","logo":{"@type":"ImageObject","inLanguage":"de","@id":"https:\/\/v-o-c.de\/#\/schema\/logo\/image\/","url":"https:\/\/v-o-c.de\/wp-content\/uploads\/2023\/05\/cropped-VOC_Grafik_1080x250.jpg","contentUrl":"https:\/\/v-o-c.de\/wp-content\/uploads\/2023\/05\/cropped-VOC_Grafik_1080x250.jpg","width":1080,"height":249,"caption":"Verband Oberpf\u00e4lzer Ch\u00f6re"},"image":{"@id":"https:\/\/v-o-c.de\/#\/schema\/logo\/image\/"}}]}},"publishpress_future_workflow_manual_trigger":{"enabledWorkflows":[]},"ticketed":false,"_links":{"self":[{"href":"https:\/\/v-o-c.de\/index.php\/wp-json\/wp\/v2\/tribe_events\/3448","targetHints":{"allow":["GET"]}}],"collection":[{"href":"https:\/\/v-o-c.de\/index.php\/wp-json\/wp\/v2\/tribe_events"}],"about":[{"href":"https:\/\/v-o-c.de\/index.php\/wp-json\/wp\/v2\/types\/tribe_events"}],"author":[{"embeddable":true,"href":"https:\/\/v-o-c.de\/index.php\/wp-json\/wp\/v2\/users\/2"}],"version-history":[{"count":4,"href":"https:\/\/v-o-c.de\/index.php\/wp-json\/wp\/v2\/tribe_events\/3448\/revisions"}],"predecessor-version":[{"id":3453,"href":"https:\/\/v-o-c.de\/index.php\/wp-json\/wp\/v2\/tribe_events\/3448\/revisions\/3453"}],"wp:featuredmedia":[{"embeddable":true,"href":"https:\/\/v-o-c.de\/index.php\/wp-json\/wp\/v2\/media\/1719"}],"wp:attachment":[{"href":"https:\/\/v-o-c.de\/index.php\/wp-json\/wp\/v2\/media?parent=3448"}],"wp:term":[{"taxonomy":"post_tag","embeddable":true,"href":"https:\/\/v-o-c.de\/index.php\/wp-json\/wp\/v2\/tags?post=3448"},{"taxonomy":"tribe_events_cat","embeddable":true,"href":"https:\/\/v-o-c.de\/index.php\/wp-json\/wp\/v2\/tribe_events_cat?post=3448"}],"curies":[{"name":"wp","href":"https:\/\/api.w.org\/{rel}","templated":true}]}}