{"id":2136,"date":"2024-11-25T22:55:52","date_gmt":"2024-11-25T21:55:52","guid":{"rendered":"https:\/\/v-o-c.de\/?post_type=tribe_events&#038;p=2136"},"modified":"2025-07-16T20:51:09","modified_gmt":"2025-07-16T18:51:09","slug":"landesgartenschau-furth-im-wald-chortag","status":"publish","type":"tribe_events","link":"https:\/\/v-o-c.de\/index.php\/event\/landesgartenschau-furth-im-wald-chortag\/","title":{"rendered":"Landesgartenschau Furth im Wald: Chortag"},"content":{"rendered":"<div  class=\"tribe-events-schedule tribe-clearfix\" >\n\t<p class=\"tribe-events-schedule__datetime\">\n\t\t<span class=\"tribe-events-schedule__date tribe-events-schedule__date--start\">\n\t\t\t20. Juli 2025\t\t<\/span>\n\n\t\t\t\t\t<span class=\"tribe-events-schedule__separator tribe-events-schedule__separator--date\">\n\t\t\t\t @ \t\t\t<\/span>\n\t\t\t<span class=\"tribe-events-schedule__time tribe-events-schedule__time--start\">\n\t\t\t\t9:00\t\t\t<\/span>\n\t\t\n\t\t\t\t\t\t\t\t\t<span class=\"tribe-events-schedule__separator tribe-events-schedule__separator--time\">\n\t\t\t\t\t &#8211; \t\t\t\t<\/span>\n\t\t\t\n\t\t\t\t\t\t\t<span class=\"tribe-events-schedule__time tribe-events-schedule__time--end\">\n\t\t\t\t\t18:00\t\t\t\t<\/span>\n\t\t\t\n\t\t\t\t\t\t<\/p>\n<\/div>\n\n\n\n<figure class=\"wp-block-image size-full is-resized\"><img fetchpriority=\"high\" decoding=\"async\" width=\"762\" height=\"595\" src=\"https:\/\/v-o-c.de\/wp-content\/uploads\/2024\/06\/230628_LGSF_FreundeLogo_Form.png\" alt=\"\" class=\"wp-image-1885\" style=\"width:335px;height:auto\" srcset=\"https:\/\/v-o-c.de\/wp-content\/uploads\/2024\/06\/230628_LGSF_FreundeLogo_Form.png 762w, https:\/\/v-o-c.de\/wp-content\/uploads\/2024\/06\/230628_LGSF_FreundeLogo_Form-300x234.png 300w\" sizes=\"(max-width: 762px) 100vw, 762px\" \/><figcaption class=\"wp-element-caption\"><strong><sup>photo credits: Furth im Wald<\/sup><\/strong><\/figcaption><\/figure>\n\n\n\n<p>&nbsp;In Zusammenarbeit mit dem <a href=\"http:\/\/www.bayerischersaengerbund.de\" target=\"_blank\" rel=\"noreferrer noopener\">Bayerischen S\u00e4ngerbund<\/a> und dem <strong>Verband Oberpf\u00e4lzer Ch\u00f6re<\/strong> lassen Ch\u00f6re und Ensembles \u00fcber den ganzen Tag und das ganze Gel\u00e4nde verteilt Musik aus den verschiedensten Genres h\u00f6ren, von Renaissance bis zum Gegenwartspop, &nbsp;von traditionellem Liedgut bis zu Gospel, von Pianissimo bis Forte.&nbsp;<\/p>\n\n\n\n<p>Der Bayerische S\u00e4ngerbund wird zudem ein Offenes Singen f\u00fcr alle veranstalten, die selbst Lust bekommen zu singen bei so viel Chormusik.&nbsp;Zwei der Lieder, die sich auf der Setlist befinden, stehen nachfolgend zum Download bereit.<\/p>\n\n\n\n<div style=\"height:27px\" aria-hidden=\"true\" class=\"wp-block-spacer\"><\/div>\n\n\n\n<div class=\"wp-block-file has-white-background-color has-background\"><a id=\"wp-block-file--media-0d6b5f84-dad7-4e6f-ad90-c2ffb0dd1261\" href=\"https:\/\/v-o-c.de\/wp-content\/uploads\/2024\/11\/Drunt-in-da-greana-Au-Melodie.pdf\">Drunt in da greana Au &#8211; Melodie<\/a><a href=\"https:\/\/v-o-c.de\/wp-content\/uploads\/2024\/11\/Drunt-in-da-greana-Au-Melodie.pdf\" class=\"wp-block-file__button wp-element-button\" download aria-describedby=\"wp-block-file--media-0d6b5f84-dad7-4e6f-ad90-c2ffb0dd1261\">Herunterladen<\/a><\/div>\n\n\n\n<div class=\"wp-block-file has-white-background-color has-background\"><a id=\"wp-block-file--media-cfffc252-65b8-4be7-9b3a-7444276ef009\" href=\"https:\/\/v-o-c.de\/wp-content\/uploads\/2024\/11\/Viva-la-musica.pdf\">Viva la musica<\/a><a href=\"https:\/\/v-o-c.de\/wp-content\/uploads\/2024\/11\/Viva-la-musica.pdf\" class=\"wp-block-file__button wp-element-button\" download aria-describedby=\"wp-block-file--media-cfffc252-65b8-4be7-9b3a-7444276ef009\">Herunterladen<\/a><\/div>\n\n\n\n<p>Und hier die Ch\u00f6re die am 20.07.2025 das Programm gestalten:<\/p>\n\n\n\n<div style=\"height:44px\" aria-hidden=\"true\" class=\"wp-block-spacer\"><\/div>\n\n\n\n<figure class=\"wp-block-table\"><table class=\"has-fixed-layout\"><thead><tr><th><strong>B\u00fchne<\/strong><\/th><th><strong>Ch\u00f6re<\/strong><\/th><th><strong>Zeit<\/strong><\/th><\/tr><\/thead><tbody><tr><td>Sparkasse oder Hauptb\u00fchne<\/td><td>Jederzeit <br>Heart Chor <br>Willmering <br>Burghausen Wolperdinger Neunburg <br>Kolbermoor Angelhearts<\/td><td>11:00 \u2013 11:30 <br>12:30 \u2013 13:00 <br>13:00 \u2013 13:30 <br>14:00 \u2013 14:30 <br>14:30 \u2013 15:00 <br>15:30 \u2013 16:00 <br>16:00 \u2013 16-30 <br>16:30 \u2013 17:00<\/td><\/tr><tr><td>Parkarena<\/td><td>Heart Chor <br>Geltendorf <br>Maggies Moderne Wolperdinger <br>Open Singing<\/td><td>11:00 \u2013 11:30 <br>11:30 \u2013 12:00 <br>16:00 \u2013 16-30 <br>16:30 \u2013 17:00 <br>Ab 17:15\/30<\/td><\/tr><tr><td>Junge B\u00fchne<\/td><td>Allegro\u00df<\/td><td>14:00 \u2013 14:30<\/td><\/tr><tr><td>Amtsgericht<\/td><td>Geltendorf <br>Willmering <br>Belcanto <br>Allegro\u00df <br>Maggies Moderne Jederzeit <br>Chorifeen <br>Kallm\u00fcnz <br>Burghausen Zach\u00e4uschor<\/td><td>10:00 \u2013 10:30 <br>10:30 \u2013 11:00 <br>11:15 \u2013 11:45 <br>12:00 \u2013 12:30 <br>12:45 \u2013 13:15 <br>13:30 \u2013 14:00 <br>14:15 \u2013 14:45 <br>15:00 \u2013 15:30 <br>15:45 \u2013 16:15 <br>16:30 \u2013 17:00<\/td><\/tr><tr><td>Sp\u00e4thbr\u00e4u<\/td><td>Moosburg <br>Eichendorf <br>Angelhearts <br>Voices in Joy Michelsneukirchen W\u00f6rthissimo Bernhaldswald<\/td><td>10:30 \u2013 11:00 <br>11:15 \u2013 11:45 <br>12:15 \u2013 12:45 <br>13:00 \u2013 13:30 <br>13:45 \u2013 14:15 <br>14:45 \u2013 15:15 <br>15:30 \u2013 16:00<\/td><\/tr><tr><td>Pfarrkirche oder Stadt 2 oder M\u00fchlbauer \/ Hofer<\/td><td>MusiCanti <br>Painter Kalkspatzen Vox Villae <br>Windrose <br>Sing-A-Moll <br>Collegium Musicum<\/td><td>11:00 \u2013 11:30 <br>11:45 \u2013 12:15 <br>12:30 \u2013 13:00 <br>13:15 \u2013 13:45 <br>14:00 \u2013 14:30 <br>14:45 \u2013 15:15<\/td><\/tr><tr><td>Festwiese<\/td><td>Michelsneukirchen Wolperdinger Kolbermoor <br>Maggies Moderne<\/td><td>12:00 \u2013 12:30 <br>12:45 \u2013 13:15 <br>14:15 \u2013 14:45 <br>15:00 \u2013 15:30<\/td><\/tr><tr><td>Themeng\u00e4rten<\/td><td>Windrose <br>Sing-a-Moll<\/td><td>14:30 \u2013 15:00 <br>15:30 \u2013 16:00<\/td><\/tr><tr><td>Leonhardi Kapelle<\/td><td>Cantamus<\/td><td>12:15 \u2013 12:45<\/td><\/tr><\/tbody><\/table><\/figure>\n\n\n\n<p class=\"has-text-align-center\" style=\"font-style:italic;font-weight:400\"><\/p>\n\n\n<div  class=\"tribe-block tribe-block__venue tribe-clearfix\" >\n\t\n\t\n<div class=\"tribe-block__venue__meta\">\n\t<div class=\"tribe-block__venue__name\">\n\t\t<h3>Landesgartenschau in Furth im Wald<\/h3>\n\t<\/div>\n\n\t\n\t\t\t\t\t\t<address class=\"tribe-block__venue__address\">\n\t\t\t\t<span class=\"tribe-address\">\n\n\n\t<span class=\"tribe-locality\">Furth im Wald<\/span><span class=\"tribe-delimiter\">,<\/span>\n\n\t<abbr class=\"tribe-region tribe-events-abbr\" title=\"Bayern\">Bayern<\/abbr>\n\n\t<span class=\"tribe-postal-code\">93437<\/span>\n\n\t<span class=\"tribe-country-name\">Germany<\/span>\n\n<\/span>\n\n\t\t\t\t\t\t\t<\/address>\n\t\t\n\t\t\t\t\t<span class=\"tribe-block__venue__phone\">+49 9973 80533 0<\/span><br \/>\n\t\t\n\t\t\t\t\t<span class=\"tribe-block__venue__website\"><a href=\"https:\/\/furth2025.de\/\" target=\"_self\" rel=\"external\">Veranstaltungsort-Website anzeigen<\/a><\/span><br \/>\n\t\t\t\n\t<\/div>\n\t\n\t<\/div>\n","protected":false},"excerpt":{"rendered":"<div class=\"mh-excerpt\"><p>&nbsp;In Zusammenarbeit mit dem Bayerischen S\u00e4ngerbund und dem Verband Oberpf\u00e4lzer Ch\u00f6re lassen Ch\u00f6re und Ensembles \u00fcber den ganzen Tag und das ganze Gel\u00e4nde verteilt Musik <a class=\"mh-excerpt-more\" href=\"https:\/\/v-o-c.de\/index.php\/event\/landesgartenschau-furth-im-wald-chortag\/\" title=\"Landesgartenschau Furth im Wald: Chortag\">[&#8230;]<\/a><\/p>\n<\/div>","protected":false},"author":1,"featured_media":1885,"template":"","meta":{"_price":"","_stock":"","_tribe_ticket_header":"","_tribe_default_ticket_provider":"","_tribe_ticket_capacity":"","_ticket_start_date":"","_ticket_end_date":"","_tribe_ticket_show_description":"","_tribe_ticket_show_not_going":false,"_tribe_ticket_use_global_stock":"","_tribe_ticket_global_stock_level":"","_global_stock_mode":"","_global_stock_cap":"","_tribe_rsvp_for_event":"","_tribe_ticket_going_count":"","_tribe_ticket_not_going_count":"","_tribe_tickets_list":"[]","_tribe_ticket_has_attendee_info_fields":false,"_EventAllDay":false,"_EventTimezone":"Europe\/Berlin","_EventStartDate":"2025-07-20 09:00:00","_EventEndDate":"2025-07-20 18:00:00","_EventStartDateUTC":"2025-07-20 07:00:00","_EventEndDateUTC":"2025-07-20 16:00:00","_EventShowMap":false,"_EventShowMapLink":false,"_EventURL":"","_EventCost":"","_EventCostDescription":"","_EventCurrencySymbol":"\u20ac","_EventCurrencyCode":"EUR","_EventCurrencyPosition":"prefix","_EventDateTimeSeparator":" @ ","_EventTimeRangeSeparator":" - ","_EventOrganizerID":[],"_EventVenueID":[2699],"_OrganizerEmail":"","_OrganizerPhone":"","_OrganizerWebsite":"","_VenueAddress":"","_VenueCity":"","_VenueCountry":"","_VenueProvince":"","_VenueState":"","_VenueZip":"","_VenuePhone":"","_VenueURL":"","_VenueStateProvince":"","_VenueLat":"","_VenueLng":"","_VenueShowMap":false,"_VenueShowMapLink":false,"_tribe_events_status":"","_tribe_events_status_reason":"","footnotes":"","_tec_slr_enabled":"","_tec_slr_layout":""},"tags":[29,34,15,136,16,63,14],"tribe_events_cat":[51,53],"class_list":["post-2136","tribe_events","type-tribe_events","status-publish","has-post-thumbnail","hentry","tag-chor","tag-gemischter-chor","tag-gesang","tag-landesgartenschau-in-furth-im-wald","tag-singen","tag-verband-oberpfaelzer-choere","tag-vokal","tribe_events_cat-konzerte","tribe_events_cat-vokalevents","cat_konzerte","cat_vokalevents"],"yoast_head":"<!-- This site is optimized with the Yoast SEO plugin v27.5 - https:\/\/yoast.com\/product\/yoast-seo-wordpress\/ -->\n<title>Landesgartenschau Furth im Wald: Chortag - Verband Oberpf\u00e4lzer Ch\u00f6re<\/title>\n<meta name=\"robots\" content=\"index, follow, max-snippet:-1, max-image-preview:large, max-video-preview:-1\" \/>\n<link rel=\"canonical\" href=\"https:\/\/v-o-c.de\/index.php\/event\/landesgartenschau-furth-im-wald-chortag\/\" \/>\n<meta property=\"og:locale\" content=\"de_DE\" \/>\n<meta property=\"og:type\" content=\"article\" \/>\n<meta property=\"og:title\" content=\"Landesgartenschau Furth im Wald: Chortag - Verband Oberpf\u00e4lzer Ch\u00f6re\" \/>\n<meta property=\"og:description\" content=\"&nbsp;In Zusammenarbeit mit dem Bayerischen S\u00e4ngerbund und dem Verband Oberpf\u00e4lzer Ch\u00f6re lassen Ch\u00f6re und Ensembles \u00fcber den ganzen Tag und das ganze Gel\u00e4nde verteilt Musik [...]\" \/>\n<meta property=\"og:url\" content=\"https:\/\/v-o-c.de\/index.php\/event\/landesgartenschau-furth-im-wald-chortag\/\" \/>\n<meta property=\"og:site_name\" content=\"Verband Oberpf\u00e4lzer Ch\u00f6re\" \/>\n<meta property=\"article:modified_time\" content=\"2025-07-16T18:51:09+00:00\" \/>\n<meta property=\"og:image\" content=\"https:\/\/v-o-c.de\/wp-content\/uploads\/2024\/06\/230628_LGSF_FreundeLogo_Form.png\" \/>\n\t<meta property=\"og:image:width\" content=\"762\" \/>\n\t<meta property=\"og:image:height\" content=\"595\" \/>\n\t<meta property=\"og:image:type\" content=\"image\/png\" \/>\n<meta name=\"twitter:card\" content=\"summary_large_image\" \/>\n<meta name=\"twitter:label1\" content=\"Gesch\u00e4tzte Lesezeit\" \/>\n\t<meta name=\"twitter:data1\" content=\"2\u00a0Minuten\" \/>\n<script type=\"application\/ld+json\" class=\"yoast-schema-graph\">{\"@context\":\"https:\\\/\\\/schema.org\",\"@graph\":[{\"@type\":\"WebPage\",\"@id\":\"https:\\\/\\\/v-o-c.de\\\/index.php\\\/event\\\/landesgartenschau-furth-im-wald-chortag\\\/\",\"url\":\"https:\\\/\\\/v-o-c.de\\\/index.php\\\/event\\\/landesgartenschau-furth-im-wald-chortag\\\/\",\"name\":\"Landesgartenschau Furth im Wald: Chortag - Verband Oberpf\u00e4lzer Ch\u00f6re\",\"isPartOf\":{\"@id\":\"https:\\\/\\\/v-o-c.de\\\/#website\"},\"primaryImageOfPage\":{\"@id\":\"https:\\\/\\\/v-o-c.de\\\/index.php\\\/event\\\/landesgartenschau-furth-im-wald-chortag\\\/#primaryimage\"},\"image\":{\"@id\":\"https:\\\/\\\/v-o-c.de\\\/index.php\\\/event\\\/landesgartenschau-furth-im-wald-chortag\\\/#primaryimage\"},\"thumbnailUrl\":\"https:\\\/\\\/v-o-c.de\\\/wp-content\\\/uploads\\\/2024\\\/06\\\/230628_LGSF_FreundeLogo_Form.png\",\"datePublished\":\"2024-11-25T21:55:52+00:00\",\"dateModified\":\"2025-07-16T18:51:09+00:00\",\"breadcrumb\":{\"@id\":\"https:\\\/\\\/v-o-c.de\\\/index.php\\\/event\\\/landesgartenschau-furth-im-wald-chortag\\\/#breadcrumb\"},\"inLanguage\":\"de\",\"potentialAction\":[{\"@type\":\"ReadAction\",\"target\":[\"https:\\\/\\\/v-o-c.de\\\/index.php\\\/event\\\/landesgartenschau-furth-im-wald-chortag\\\/\"]}]},{\"@type\":\"ImageObject\",\"inLanguage\":\"de\",\"@id\":\"https:\\\/\\\/v-o-c.de\\\/index.php\\\/event\\\/landesgartenschau-furth-im-wald-chortag\\\/#primaryimage\",\"url\":\"https:\\\/\\\/v-o-c.de\\\/wp-content\\\/uploads\\\/2024\\\/06\\\/230628_LGSF_FreundeLogo_Form.png\",\"contentUrl\":\"https:\\\/\\\/v-o-c.de\\\/wp-content\\\/uploads\\\/2024\\\/06\\\/230628_LGSF_FreundeLogo_Form.png\",\"width\":762,\"height\":595,\"caption\":\"photo credits: Furth im Wald\"},{\"@type\":\"BreadcrumbList\",\"@id\":\"https:\\\/\\\/v-o-c.de\\\/index.php\\\/event\\\/landesgartenschau-furth-im-wald-chortag\\\/#breadcrumb\",\"itemListElement\":[{\"@type\":\"ListItem\",\"position\":1,\"name\":\"Startseite\",\"item\":\"https:\\\/\\\/v-o-c.de\\\/\"},{\"@type\":\"ListItem\",\"position\":2,\"name\":\"Veranstaltungen\",\"item\":\"https:\\\/\\\/v-o-c.de\\\/index.php\\\/events\\\/\"},{\"@type\":\"ListItem\",\"position\":3,\"name\":\"Landesgartenschau Furth im Wald: Chortag\"}]},{\"@type\":\"WebSite\",\"@id\":\"https:\\\/\\\/v-o-c.de\\\/#website\",\"url\":\"https:\\\/\\\/v-o-c.de\\\/\",\"name\":\"Verband Oberpf\u00e4lzer Ch\u00f6re\",\"description\":\"Drehscheibe f\u00fcr Vokal-Musik in der Oberpfalz\",\"publisher\":{\"@id\":\"https:\\\/\\\/v-o-c.de\\\/#organization\"},\"potentialAction\":[{\"@type\":\"SearchAction\",\"target\":{\"@type\":\"EntryPoint\",\"urlTemplate\":\"https:\\\/\\\/v-o-c.de\\\/?s={search_term_string}\"},\"query-input\":{\"@type\":\"PropertyValueSpecification\",\"valueRequired\":true,\"valueName\":\"search_term_string\"}}],\"inLanguage\":\"de\"},{\"@type\":\"Organization\",\"@id\":\"https:\\\/\\\/v-o-c.de\\\/#organization\",\"name\":\"Verband Oberpf\u00e4lzer Ch\u00f6re\",\"url\":\"https:\\\/\\\/v-o-c.de\\\/\",\"logo\":{\"@type\":\"ImageObject\",\"inLanguage\":\"de\",\"@id\":\"https:\\\/\\\/v-o-c.de\\\/#\\\/schema\\\/logo\\\/image\\\/\",\"url\":\"https:\\\/\\\/v-o-c.de\\\/wp-content\\\/uploads\\\/2023\\\/05\\\/cropped-VOC_Grafik_1080x250.jpg\",\"contentUrl\":\"https:\\\/\\\/v-o-c.de\\\/wp-content\\\/uploads\\\/2023\\\/05\\\/cropped-VOC_Grafik_1080x250.jpg\",\"width\":1080,\"height\":249,\"caption\":\"Verband Oberpf\u00e4lzer Ch\u00f6re\"},\"image\":{\"@id\":\"https:\\\/\\\/v-o-c.de\\\/#\\\/schema\\\/logo\\\/image\\\/\"}}]}<\/script>\n<!-- \/ Yoast SEO plugin. -->","yoast_head_json":{"title":"Landesgartenschau Furth im Wald: Chortag - Verband Oberpf\u00e4lzer Ch\u00f6re","robots":{"index":"index","follow":"follow","max-snippet":"max-snippet:-1","max-image-preview":"max-image-preview:large","max-video-preview":"max-video-preview:-1"},"canonical":"https:\/\/v-o-c.de\/index.php\/event\/landesgartenschau-furth-im-wald-chortag\/","og_locale":"de_DE","og_type":"article","og_title":"Landesgartenschau Furth im Wald: Chortag - Verband Oberpf\u00e4lzer Ch\u00f6re","og_description":"&nbsp;In Zusammenarbeit mit dem Bayerischen S\u00e4ngerbund und dem Verband Oberpf\u00e4lzer Ch\u00f6re lassen Ch\u00f6re und Ensembles \u00fcber den ganzen Tag und das ganze Gel\u00e4nde verteilt Musik [...]","og_url":"https:\/\/v-o-c.de\/index.php\/event\/landesgartenschau-furth-im-wald-chortag\/","og_site_name":"Verband Oberpf\u00e4lzer Ch\u00f6re","article_modified_time":"2025-07-16T18:51:09+00:00","og_image":[{"width":762,"height":595,"url":"https:\/\/v-o-c.de\/wp-content\/uploads\/2024\/06\/230628_LGSF_FreundeLogo_Form.png","type":"image\/png"}],"twitter_card":"summary_large_image","twitter_misc":{"Gesch\u00e4tzte Lesezeit":"2\u00a0Minuten"},"schema":{"@context":"https:\/\/schema.org","@graph":[{"@type":"WebPage","@id":"https:\/\/v-o-c.de\/index.php\/event\/landesgartenschau-furth-im-wald-chortag\/","url":"https:\/\/v-o-c.de\/index.php\/event\/landesgartenschau-furth-im-wald-chortag\/","name":"Landesgartenschau Furth im Wald: Chortag - Verband Oberpf\u00e4lzer Ch\u00f6re","isPartOf":{"@id":"https:\/\/v-o-c.de\/#website"},"primaryImageOfPage":{"@id":"https:\/\/v-o-c.de\/index.php\/event\/landesgartenschau-furth-im-wald-chortag\/#primaryimage"},"image":{"@id":"https:\/\/v-o-c.de\/index.php\/event\/landesgartenschau-furth-im-wald-chortag\/#primaryimage"},"thumbnailUrl":"https:\/\/v-o-c.de\/wp-content\/uploads\/2024\/06\/230628_LGSF_FreundeLogo_Form.png","datePublished":"2024-11-25T21:55:52+00:00","dateModified":"2025-07-16T18:51:09+00:00","breadcrumb":{"@id":"https:\/\/v-o-c.de\/index.php\/event\/landesgartenschau-furth-im-wald-chortag\/#breadcrumb"},"inLanguage":"de","potentialAction":[{"@type":"ReadAction","target":["https:\/\/v-o-c.de\/index.php\/event\/landesgartenschau-furth-im-wald-chortag\/"]}]},{"@type":"ImageObject","inLanguage":"de","@id":"https:\/\/v-o-c.de\/index.php\/event\/landesgartenschau-furth-im-wald-chortag\/#primaryimage","url":"https:\/\/v-o-c.de\/wp-content\/uploads\/2024\/06\/230628_LGSF_FreundeLogo_Form.png","contentUrl":"https:\/\/v-o-c.de\/wp-content\/uploads\/2024\/06\/230628_LGSF_FreundeLogo_Form.png","width":762,"height":595,"caption":"photo credits: Furth im Wald"},{"@type":"BreadcrumbList","@id":"https:\/\/v-o-c.de\/index.php\/event\/landesgartenschau-furth-im-wald-chortag\/#breadcrumb","itemListElement":[{"@type":"ListItem","position":1,"name":"Startseite","item":"https:\/\/v-o-c.de\/"},{"@type":"ListItem","position":2,"name":"Veranstaltungen","item":"https:\/\/v-o-c.de\/index.php\/events\/"},{"@type":"ListItem","position":3,"name":"Landesgartenschau Furth im Wald: Chortag"}]},{"@type":"WebSite","@id":"https:\/\/v-o-c.de\/#website","url":"https:\/\/v-o-c.de\/","name":"Verband Oberpf\u00e4lzer Ch\u00f6re","description":"Drehscheibe f\u00fcr Vokal-Musik in der Oberpfalz","publisher":{"@id":"https:\/\/v-o-c.de\/#organization"},"potentialAction":[{"@type":"SearchAction","target":{"@type":"EntryPoint","urlTemplate":"https:\/\/v-o-c.de\/?s={search_term_string}"},"query-input":{"@type":"PropertyValueSpecification","valueRequired":true,"valueName":"search_term_string"}}],"inLanguage":"de"},{"@type":"Organization","@id":"https:\/\/v-o-c.de\/#organization","name":"Verband Oberpf\u00e4lzer Ch\u00f6re","url":"https:\/\/v-o-c.de\/","logo":{"@type":"ImageObject","inLanguage":"de","@id":"https:\/\/v-o-c.de\/#\/schema\/logo\/image\/","url":"https:\/\/v-o-c.de\/wp-content\/uploads\/2023\/05\/cropped-VOC_Grafik_1080x250.jpg","contentUrl":"https:\/\/v-o-c.de\/wp-content\/uploads\/2023\/05\/cropped-VOC_Grafik_1080x250.jpg","width":1080,"height":249,"caption":"Verband Oberpf\u00e4lzer Ch\u00f6re"},"image":{"@id":"https:\/\/v-o-c.de\/#\/schema\/logo\/image\/"}}]}},"publishpress_future_workflow_manual_trigger":{"enabledWorkflows":[]},"ticketed":false,"_links":{"self":[{"href":"https:\/\/v-o-c.de\/index.php\/wp-json\/wp\/v2\/tribe_events\/2136","targetHints":{"allow":["GET"]}}],"collection":[{"href":"https:\/\/v-o-c.de\/index.php\/wp-json\/wp\/v2\/tribe_events"}],"about":[{"href":"https:\/\/v-o-c.de\/index.php\/wp-json\/wp\/v2\/types\/tribe_events"}],"author":[{"embeddable":true,"href":"https:\/\/v-o-c.de\/index.php\/wp-json\/wp\/v2\/users\/1"}],"version-history":[{"count":13,"href":"https:\/\/v-o-c.de\/index.php\/wp-json\/wp\/v2\/tribe_events\/2136\/revisions"}],"predecessor-version":[{"id":2714,"href":"https:\/\/v-o-c.de\/index.php\/wp-json\/wp\/v2\/tribe_events\/2136\/revisions\/2714"}],"wp:featuredmedia":[{"embeddable":true,"href":"https:\/\/v-o-c.de\/index.php\/wp-json\/wp\/v2\/media\/1885"}],"wp:attachment":[{"href":"https:\/\/v-o-c.de\/index.php\/wp-json\/wp\/v2\/media?parent=2136"}],"wp:term":[{"taxonomy":"post_tag","embeddable":true,"href":"https:\/\/v-o-c.de\/index.php\/wp-json\/wp\/v2\/tags?post=2136"},{"taxonomy":"tribe_events_cat","embeddable":true,"href":"https:\/\/v-o-c.de\/index.php\/wp-json\/wp\/v2\/tribe_events_cat?post=2136"}],"curies":[{"name":"wp","href":"https:\/\/api.w.org\/{rel}","templated":true}]}}