{"id":2457,"date":"2025-06-01T12:58:34","date_gmt":"2025-06-01T10:58:34","guid":{"rendered":"https:\/\/v-o-c.de\/?page_id=2457"},"modified":"2025-06-01T13:09:02","modified_gmt":"2025-06-01T11:09:02","slug":"buergerfest-2025-programm","status":"publish","type":"page","link":"https:\/\/v-o-c.de\/index.php\/buergerfest-2025-programm\/","title":{"rendered":"B\u00fcrgerfest 2025 Programm"},"content":{"rendered":"\n<p>Nachdem die Premiere der Vokalb\u00fchne auf dem Regensburger B\u00fcrgerfest 2023 so gro\u00dfen Anklang gefunden hat, organisiert der VOC mit Unterst\u00fctzung des Regensburger Kulturamts eine Neuauflage. Auch diesmal steht am Alten Kornmarkt eine B\u00fchne bereit, die am Samstag und Sonntag jeweils von 11:00 bis 18:00 Uhr von Ch\u00f6ren und Vokalensembles aus der Region bespielt wird.<\/p>\n\n\n\n<p>Das Vocal-Line-up und der genaue Programmablauf stehen noch nicht vollst\u00e4ndig fest, gr\u00f6\u00dfere \u00c4nderungen sind jedoch nicht mehr zu erwarten.<\/p>\n\n\n\n<p>Wir w\u00fcnschen allen Mitwirkenden und Besucher:Innen eine entspannte, unterhaltsame \u2013 und m\u00f6glichst trockene \u2013 Veranstaltung!<\/p>\n\n\n\n<p>Wer beim Zuh\u00f6ren Lust bekommt, selbst in einem Chor mitzusingen, ist herzlich eingeladen, sich an unserem Stand zu informieren. Wir vermitteln gerne den passenden Kontakt.<\/p>\n\n\n\n<div class=\"alignnormal\"><div id=\"metaslider-id-2524\" style=\"width: 100%;\" class=\"ml-slider-3-108-0 metaslider metaslider-flex metaslider-2524 ml-slider has-dots-nav ms-theme-default-base\" role=\"region\" aria-label=\"B\u00fcrgerfest Regensburg 2025\" data-height=\"300\" data-width=\"700\">\n    <div id=\"metaslider_container_2524\">\n        <div id=\"metaslider_2524\">\n            <ul class='slides'>\n                <li style=\"display: block; width: 100%;\" class=\"slide-2535 ms-image \" aria-roledescription=\"slide\" data-date=\"2025-05-31 18:50:54\" data-filename=\"fast8_1200x600.jpg\" data-slide-type=\"image\"><img fetchpriority=\"high\" decoding=\"async\" width=\"1200\" height=\"600\" src=\"https:\/\/v-o-c.de\/wp-content\/uploads\/2025\/05\/fast8_1200x600.jpg\" class=\"slider-2524 slide-2535 msDefaultImage\" alt=\"\" rel=\"\" title=\"fast8_1200x600\" srcset=\"https:\/\/v-o-c.de\/wp-content\/uploads\/2025\/05\/fast8_1200x600.jpg 1200w, https:\/\/v-o-c.de\/wp-content\/uploads\/2025\/05\/fast8_1200x600-300x150.jpg 300w, https:\/\/v-o-c.de\/wp-content\/uploads\/2025\/05\/fast8_1200x600-1024x512.jpg 1024w, https:\/\/v-o-c.de\/wp-content\/uploads\/2025\/05\/fast8_1200x600-768x384.jpg 768w\" sizes=\"(max-width: 1200px) 100vw, 1200px\" \/><div class=\"caption-wrap\"><div class=\"caption\">fast8<\/div><\/div><\/li>\n                <li style=\"display: none; width: 100%;\" class=\"slide-2541 ms-image \" aria-roledescription=\"slide\" data-date=\"2025-05-31 18:53:18\" data-filename=\"melodic-marketplace_1200x600.png\" data-slide-type=\"image\"><img decoding=\"async\" width=\"1200\" height=\"599\" src=\"https:\/\/v-o-c.de\/wp-content\/uploads\/2025\/05\/melodic-marketplace_1200x600.png\" class=\"slider-2524 slide-2541 msDefaultImage\" alt=\"\" rel=\"\" title=\"melodic-marketplace_1200x600\" srcset=\"https:\/\/v-o-c.de\/wp-content\/uploads\/2025\/05\/melodic-marketplace_1200x600.png 1200w, https:\/\/v-o-c.de\/wp-content\/uploads\/2025\/05\/melodic-marketplace_1200x600-300x150.png 300w, https:\/\/v-o-c.de\/wp-content\/uploads\/2025\/05\/melodic-marketplace_1200x600-1024x511.png 1024w, https:\/\/v-o-c.de\/wp-content\/uploads\/2025\/05\/melodic-marketplace_1200x600-768x383.png 768w\" sizes=\"(max-width: 1200px) 100vw, 1200px\" \/><div class=\"caption-wrap\"><div class=\"caption\">melodic marketplace<\/div><\/div><\/li>\n                <li style=\"display: none; width: 100%;\" class=\"slide-2545 ms-image \" aria-roledescription=\"slide\" data-date=\"2025-05-31 18:55:14\" data-filename=\"wenzenbach_1200x600.jpg\" data-slide-type=\"image\"><img decoding=\"async\" width=\"1200\" height=\"600\" src=\"https:\/\/v-o-c.de\/wp-content\/uploads\/2025\/05\/wenzenbach_1200x600.jpg\" class=\"slider-2524 slide-2545 msDefaultImage\" alt=\"\" rel=\"\" title=\"wenzenbach_1200x600\" srcset=\"https:\/\/v-o-c.de\/wp-content\/uploads\/2025\/05\/wenzenbach_1200x600.jpg 1200w, https:\/\/v-o-c.de\/wp-content\/uploads\/2025\/05\/wenzenbach_1200x600-300x150.jpg 300w, https:\/\/v-o-c.de\/wp-content\/uploads\/2025\/05\/wenzenbach_1200x600-1024x512.jpg 1024w, https:\/\/v-o-c.de\/wp-content\/uploads\/2025\/05\/wenzenbach_1200x600-768x384.jpg 768w\" sizes=\"(max-width: 1200px) 100vw, 1200px\" \/><div class=\"caption-wrap\"><div class=\"caption\">mgv wenzenbach<\/div><\/div><\/li>\n                <li style=\"display: none; width: 100%;\" class=\"slide-2543 ms-image \" aria-roledescription=\"slide\" data-date=\"2025-05-31 18:54:32\" data-filename=\"mgv-laaber-1200x600-1.jpg\" data-slide-type=\"image\"><img loading=\"lazy\" decoding=\"async\" width=\"1199\" height=\"600\" src=\"https:\/\/v-o-c.de\/wp-content\/uploads\/2025\/05\/mgv-laaber-1200x600-1.jpg\" class=\"slider-2524 slide-2543 msDefaultImage\" alt=\"\" rel=\"\" title=\"mgv-laaber-1200x600\" srcset=\"https:\/\/v-o-c.de\/wp-content\/uploads\/2025\/05\/mgv-laaber-1200x600-1.jpg 1199w, https:\/\/v-o-c.de\/wp-content\/uploads\/2025\/05\/mgv-laaber-1200x600-1-300x150.jpg 300w, https:\/\/v-o-c.de\/wp-content\/uploads\/2025\/05\/mgv-laaber-1200x600-1-1024x512.jpg 1024w, https:\/\/v-o-c.de\/wp-content\/uploads\/2025\/05\/mgv-laaber-1200x600-1-768x384.jpg 768w\" sizes=\"(max-width: 1199px) 100vw, 1199px\" \/><div class=\"caption-wrap\"><div class=\"caption\">mgv laaber<\/div><\/div><\/li>\n                <li style=\"display: none; width: 100%;\" class=\"slide-2563 ms-image \" aria-roledescription=\"slide\" data-date=\"2025-05-31 19:32:16\" data-filename=\"stimmix_1200x600.jpg\" data-slide-type=\"image\"><img loading=\"lazy\" decoding=\"async\" width=\"1200\" height=\"600\" src=\"https:\/\/v-o-c.de\/wp-content\/uploads\/2025\/05\/stimmix_1200x600.jpg\" class=\"slider-2524 slide-2563 msDefaultImage\" alt=\"\" rel=\"\" title=\"stimmix_1200x600\" srcset=\"https:\/\/v-o-c.de\/wp-content\/uploads\/2025\/05\/stimmix_1200x600.jpg 1200w, https:\/\/v-o-c.de\/wp-content\/uploads\/2025\/05\/stimmix_1200x600-300x150.jpg 300w, https:\/\/v-o-c.de\/wp-content\/uploads\/2025\/05\/stimmix_1200x600-1024x512.jpg 1024w, https:\/\/v-o-c.de\/wp-content\/uploads\/2025\/05\/stimmix_1200x600-768x384.jpg 768w\" sizes=\"(max-width: 1200px) 100vw, 1200px\" \/><div class=\"caption-wrap\"><div class=\"caption\">stimmix<\/div><\/div><\/li>\n                <li style=\"display: none; width: 100%;\" class=\"slide-2547 ms-image \" aria-roledescription=\"slide\" data-date=\"2025-05-31 18:55:53\" data-filename=\"musicanti_1200x600.png\" data-slide-type=\"image\"><img loading=\"lazy\" decoding=\"async\" width=\"1200\" height=\"600\" src=\"https:\/\/v-o-c.de\/wp-content\/uploads\/2025\/05\/musicanti_1200x600.png\" class=\"slider-2524 slide-2547 msDefaultImage\" alt=\"\" rel=\"\" title=\"musicanti_1200x600\" srcset=\"https:\/\/v-o-c.de\/wp-content\/uploads\/2025\/05\/musicanti_1200x600.png 1200w, https:\/\/v-o-c.de\/wp-content\/uploads\/2025\/05\/musicanti_1200x600-300x150.png 300w, https:\/\/v-o-c.de\/wp-content\/uploads\/2025\/05\/musicanti_1200x600-1024x512.png 1024w, https:\/\/v-o-c.de\/wp-content\/uploads\/2025\/05\/musicanti_1200x600-768x384.png 768w\" sizes=\"(max-width: 1200px) 100vw, 1200px\" \/><div class=\"caption-wrap\"><div class=\"caption\">musicanti<\/div><\/div><\/li>\n                <li style=\"display: none; width: 100%;\" class=\"slide-2557 ms-image \" aria-roledescription=\"slide\" data-date=\"2025-05-31 18:58:40\" data-filename=\"wohnzimmerchor_1200x600.jpg\" data-slide-type=\"image\"><img loading=\"lazy\" decoding=\"async\" width=\"1200\" height=\"599\" src=\"https:\/\/v-o-c.de\/wp-content\/uploads\/2025\/05\/wohnzimmerchor_1200x600.jpg\" class=\"slider-2524 slide-2557 msDefaultImage\" alt=\"\" rel=\"\" title=\"wohnzimmerchor_1200x600\" srcset=\"https:\/\/v-o-c.de\/wp-content\/uploads\/2025\/05\/wohnzimmerchor_1200x600.jpg 1200w, https:\/\/v-o-c.de\/wp-content\/uploads\/2025\/05\/wohnzimmerchor_1200x600-300x150.jpg 300w, https:\/\/v-o-c.de\/wp-content\/uploads\/2025\/05\/wohnzimmerchor_1200x600-1024x511.jpg 1024w, https:\/\/v-o-c.de\/wp-content\/uploads\/2025\/05\/wohnzimmerchor_1200x600-768x383.jpg 768w\" sizes=\"(max-width: 1200px) 100vw, 1200px\" \/><div class=\"caption-wrap\"><div class=\"caption\">wohnzimmerchor<\/div><\/div><\/li>\n                <li style=\"display: none; width: 100%;\" class=\"slide-2531 ms-image \" aria-roledescription=\"slide\" data-date=\"2025-05-31 16:59:53\" data-filename=\"Jazzchor2024_logo.jpg\" data-slide-type=\"image\"><img loading=\"lazy\" decoding=\"async\" width=\"2048\" height=\"1363\" src=\"https:\/\/v-o-c.de\/wp-content\/uploads\/2025\/05\/Jazzchor2024_logo.jpg\" class=\"slider-2524 slide-2531 msDefaultImage\" alt=\"\" rel=\"\" title=\"Jazzchor2024_logo\" srcset=\"https:\/\/v-o-c.de\/wp-content\/uploads\/2025\/05\/Jazzchor2024_logo.jpg 2048w, https:\/\/v-o-c.de\/wp-content\/uploads\/2025\/05\/Jazzchor2024_logo-300x200.jpg 300w, https:\/\/v-o-c.de\/wp-content\/uploads\/2025\/05\/Jazzchor2024_logo-1024x682.jpg 1024w, https:\/\/v-o-c.de\/wp-content\/uploads\/2025\/05\/Jazzchor2024_logo-768x511.jpg 768w, https:\/\/v-o-c.de\/wp-content\/uploads\/2025\/05\/Jazzchor2024_logo-1536x1022.jpg 1536w\" sizes=\"(max-width: 2048px) 100vw, 2048px\" \/><div class=\"caption-wrap\"><div class=\"caption\">1st floor jazzchor<\/div><\/div><\/li>\n                <li style=\"display: none; width: 100%;\" class=\"slide-2539 ms-image \" aria-roledescription=\"slide\" data-date=\"2025-05-31 18:52:32\" data-filename=\"Popchor-LAMUUR_1200x600.jpg\" data-slide-type=\"image\"><img loading=\"lazy\" decoding=\"async\" width=\"1200\" height=\"600\" src=\"https:\/\/v-o-c.de\/wp-content\/uploads\/2025\/05\/Popchor-LAMUUR_1200x600.jpg\" class=\"slider-2524 slide-2539 msDefaultImage\" alt=\"\" rel=\"\" title=\"Popchor LAMUUR_1200x600\" srcset=\"https:\/\/v-o-c.de\/wp-content\/uploads\/2025\/05\/Popchor-LAMUUR_1200x600.jpg 1200w, https:\/\/v-o-c.de\/wp-content\/uploads\/2025\/05\/Popchor-LAMUUR_1200x600-300x150.jpg 300w, https:\/\/v-o-c.de\/wp-content\/uploads\/2025\/05\/Popchor-LAMUUR_1200x600-1024x512.jpg 1024w, https:\/\/v-o-c.de\/wp-content\/uploads\/2025\/05\/Popchor-LAMUUR_1200x600-768x384.jpg 768w\" sizes=\"(max-width: 1200px) 100vw, 1200px\" \/><div class=\"caption-wrap\"><div class=\"caption\">popchor lamuur<\/div><\/div><\/li>\n                <li style=\"display: none; width: 100%;\" class=\"slide-2537 ms-image \" aria-roledescription=\"slide\" data-date=\"2025-05-31 18:51:56\" data-filename=\"gospelmore_1200x600.jpg\" data-slide-type=\"image\"><img loading=\"lazy\" decoding=\"async\" width=\"1200\" height=\"600\" src=\"https:\/\/v-o-c.de\/wp-content\/uploads\/2025\/05\/gospelmore_1200x600.jpg\" class=\"slider-2524 slide-2537 msDefaultImage\" alt=\"\" rel=\"\" title=\"gospel&amp;more_1200x600\" srcset=\"https:\/\/v-o-c.de\/wp-content\/uploads\/2025\/05\/gospelmore_1200x600.jpg 1200w, https:\/\/v-o-c.de\/wp-content\/uploads\/2025\/05\/gospelmore_1200x600-300x150.jpg 300w, https:\/\/v-o-c.de\/wp-content\/uploads\/2025\/05\/gospelmore_1200x600-1024x512.jpg 1024w, https:\/\/v-o-c.de\/wp-content\/uploads\/2025\/05\/gospelmore_1200x600-768x384.jpg 768w\" sizes=\"(max-width: 1200px) 100vw, 1200px\" \/><div class=\"caption-wrap\"><div class=\"caption\">gospel&amp;more<\/div><\/div><\/li>\n                <li style=\"display: none; width: 100%;\" class=\"slide-2555 ms-image \" aria-roledescription=\"slide\" data-date=\"2025-05-31 18:58:13\" data-filename=\"ukulele-first_1200x600.jpg\" data-slide-type=\"image\"><img loading=\"lazy\" decoding=\"async\" width=\"1200\" height=\"600\" src=\"https:\/\/v-o-c.de\/wp-content\/uploads\/2025\/05\/ukulele-first_1200x600.jpg\" class=\"slider-2524 slide-2555 msDefaultImage\" alt=\"\" rel=\"\" title=\"ukulele first_1200x600\" srcset=\"https:\/\/v-o-c.de\/wp-content\/uploads\/2025\/05\/ukulele-first_1200x600.jpg 1200w, https:\/\/v-o-c.de\/wp-content\/uploads\/2025\/05\/ukulele-first_1200x600-300x150.jpg 300w, https:\/\/v-o-c.de\/wp-content\/uploads\/2025\/05\/ukulele-first_1200x600-1024x512.jpg 1024w, https:\/\/v-o-c.de\/wp-content\/uploads\/2025\/05\/ukulele-first_1200x600-768x384.jpg 768w\" sizes=\"(max-width: 1200px) 100vw, 1200px\" \/><div class=\"caption-wrap\"><div class=\"caption\">ukulele first<\/div><\/div><\/li>\n                <li style=\"display: none; width: 100%;\" class=\"slide-2553 ms-image \" aria-roledescription=\"slide\" data-date=\"2025-05-31 18:57:39\" data-filename=\"tonbande_1200x600.jpeg\" data-slide-type=\"image\"><img loading=\"lazy\" decoding=\"async\" width=\"1200\" height=\"600\" src=\"https:\/\/v-o-c.de\/wp-content\/uploads\/2025\/05\/tonbande_1200x600.jpeg\" class=\"slider-2524 slide-2553 msDefaultImage\" alt=\"\" rel=\"\" title=\"tonbande_1200x600\" srcset=\"https:\/\/v-o-c.de\/wp-content\/uploads\/2025\/05\/tonbande_1200x600.jpeg 1200w, https:\/\/v-o-c.de\/wp-content\/uploads\/2025\/05\/tonbande_1200x600-300x150.jpeg 300w, https:\/\/v-o-c.de\/wp-content\/uploads\/2025\/05\/tonbande_1200x600-1024x512.jpeg 1024w, https:\/\/v-o-c.de\/wp-content\/uploads\/2025\/05\/tonbande_1200x600-768x384.jpeg 768w\" sizes=\"(max-width: 1200px) 100vw, 1200px\" \/><div class=\"caption-wrap\"><div class=\"caption\">tonbande<\/div><\/div><\/li>\n                <li style=\"display: none; width: 100%;\" class=\"slide-2566 ms-image \" aria-roledescription=\"slide\" data-date=\"2025-06-01 07:11:38\" data-filename=\"mgv-1860-rgbg_800x400.png\" data-slide-type=\"image\"><img loading=\"lazy\" decoding=\"async\" width=\"800\" height=\"400\" src=\"https:\/\/v-o-c.de\/wp-content\/uploads\/2023\/05\/mgv-1860-rgbg_800x400.png\" class=\"slider-2524 slide-2566 msDefaultImage\" alt=\"\" rel=\"\" title=\"mgv-1860-rgbg_800x400\" srcset=\"https:\/\/v-o-c.de\/wp-content\/uploads\/2023\/05\/mgv-1860-rgbg_800x400.png 800w, https:\/\/v-o-c.de\/wp-content\/uploads\/2023\/05\/mgv-1860-rgbg_800x400-300x150.png 300w, https:\/\/v-o-c.de\/wp-content\/uploads\/2023\/05\/mgv-1860-rgbg_800x400-768x384.png 768w\" sizes=\"(max-width: 800px) 100vw, 800px\" \/><div class=\"caption-wrap\"><div class=\"caption\">mgv Regensburg 1860<\/div><\/div><\/li>\n                <li style=\"display: none; width: 100%;\" class=\"slide-2533 ms-image \" aria-roledescription=\"slide\" data-date=\"2025-05-31 18:50:12\" data-filename=\"chorifeen_1200x600.jpg\" data-slide-type=\"image\"><img loading=\"lazy\" decoding=\"async\" width=\"1200\" height=\"600\" src=\"https:\/\/v-o-c.de\/wp-content\/uploads\/2025\/05\/chorifeen_1200x600.jpg\" class=\"slider-2524 slide-2533 msDefaultImage\" alt=\"\" rel=\"\" title=\"chorifeen_1200x600\" srcset=\"https:\/\/v-o-c.de\/wp-content\/uploads\/2025\/05\/chorifeen_1200x600.jpg 1200w, https:\/\/v-o-c.de\/wp-content\/uploads\/2025\/05\/chorifeen_1200x600-300x150.jpg 300w, https:\/\/v-o-c.de\/wp-content\/uploads\/2025\/05\/chorifeen_1200x600-1024x512.jpg 1024w, https:\/\/v-o-c.de\/wp-content\/uploads\/2025\/05\/chorifeen_1200x600-768x384.jpg 768w\" sizes=\"(max-width: 1200px) 100vw, 1200px\" \/><div class=\"caption-wrap\"><div class=\"caption\">foto credits: chorifeen<\/div><\/div><\/li>\n                <li style=\"display: none; width: 100%;\" class=\"slide-2549 ms-image \" aria-roledescription=\"slide\" data-date=\"2025-05-31 18:56:41\" data-filename=\"novacapella_1200x600.jpg\" data-slide-type=\"image\"><img loading=\"lazy\" decoding=\"async\" width=\"1200\" height=\"600\" src=\"https:\/\/v-o-c.de\/wp-content\/uploads\/2025\/05\/novacapella_1200x600.jpg\" class=\"slider-2524 slide-2549 msDefaultImage\" alt=\"\" rel=\"\" title=\"novacapella_1200x600\" srcset=\"https:\/\/v-o-c.de\/wp-content\/uploads\/2025\/05\/novacapella_1200x600.jpg 1200w, https:\/\/v-o-c.de\/wp-content\/uploads\/2025\/05\/novacapella_1200x600-300x150.jpg 300w, https:\/\/v-o-c.de\/wp-content\/uploads\/2025\/05\/novacapella_1200x600-1024x512.jpg 1024w, https:\/\/v-o-c.de\/wp-content\/uploads\/2025\/05\/novacapella_1200x600-768x384.jpg 768w\" sizes=\"(max-width: 1200px) 100vw, 1200px\" \/><div class=\"caption-wrap\"><div class=\"caption\">novacapella<\/div><\/div><\/li>\n                <li style=\"display: none; width: 100%;\" class=\"slide-2562 ms-image \" aria-roledescription=\"slide\" data-date=\"2025-05-31 19:29:47\" data-filename=\"jazznuts_1200x600.jpg\" data-slide-type=\"image\"><img loading=\"lazy\" decoding=\"async\" width=\"1200\" height=\"600\" src=\"https:\/\/v-o-c.de\/wp-content\/uploads\/2024\/10\/jazznuts_1200x600.jpg\" class=\"slider-2524 slide-2562 msDefaultImage\" alt=\"\" rel=\"\" title=\"jazznuts_1200x600\" srcset=\"https:\/\/v-o-c.de\/wp-content\/uploads\/2024\/10\/jazznuts_1200x600.jpg 1200w, https:\/\/v-o-c.de\/wp-content\/uploads\/2024\/10\/jazznuts_1200x600-300x150.jpg 300w, https:\/\/v-o-c.de\/wp-content\/uploads\/2024\/10\/jazznuts_1200x600-1024x512.jpg 1024w, https:\/\/v-o-c.de\/wp-content\/uploads\/2024\/10\/jazznuts_1200x600-768x384.jpg 768w\" sizes=\"(max-width: 1200px) 100vw, 1200px\" \/><div class=\"caption-wrap\"><div class=\"caption\">Jazznutz<\/div><\/div><\/li>\n                <li style=\"display: none; width: 100%;\" class=\"slide-2529 ms-image \" aria-roledescription=\"slide\" data-date=\"2025-05-31 16:59:19\" data-filename=\"heart-chor_1200x600.jpg\" data-slide-type=\"image\"><img loading=\"lazy\" decoding=\"async\" width=\"1200\" height=\"600\" src=\"https:\/\/v-o-c.de\/wp-content\/uploads\/2024\/10\/heart-chor_1200x600.jpg\" class=\"slider-2524 slide-2529 msDefaultImage\" alt=\"\" rel=\"\" title=\"heart-chor_1200x600\" srcset=\"https:\/\/v-o-c.de\/wp-content\/uploads\/2024\/10\/heart-chor_1200x600.jpg 1200w, https:\/\/v-o-c.de\/wp-content\/uploads\/2024\/10\/heart-chor_1200x600-300x150.jpg 300w, https:\/\/v-o-c.de\/wp-content\/uploads\/2024\/10\/heart-chor_1200x600-1024x512.jpg 1024w, https:\/\/v-o-c.de\/wp-content\/uploads\/2024\/10\/heart-chor_1200x600-768x384.jpg 768w\" sizes=\"(max-width: 1200px) 100vw, 1200px\" \/><div class=\"caption-wrap\"><div class=\"caption\">photo credits: J\u00f6rg N\u00fctzel<\/div><\/div><\/li>\n                <li style=\"display: none; width: 100%;\" class=\"slide-2560 ms-image \" aria-roledescription=\"slide\" data-date=\"2025-05-31 19:09:51\" data-filename=\"mc-vokalensemble.jpg\" data-slide-type=\"image\"><img loading=\"lazy\" decoding=\"async\" width=\"1080\" height=\"540\" src=\"https:\/\/v-o-c.de\/wp-content\/uploads\/2023\/07\/mc-vokalensemble.jpg\" class=\"slider-2524 slide-2560 msDefaultImage\" alt=\"\" rel=\"\" title=\"mc-vokalensemble\" srcset=\"https:\/\/v-o-c.de\/wp-content\/uploads\/2023\/07\/mc-vokalensemble.jpg 1080w, https:\/\/v-o-c.de\/wp-content\/uploads\/2023\/07\/mc-vokalensemble-300x150.jpg 300w, https:\/\/v-o-c.de\/wp-content\/uploads\/2023\/07\/mc-vokalensemble-1024x512.jpg 1024w, https:\/\/v-o-c.de\/wp-content\/uploads\/2023\/07\/mc-vokalensemble-768x384.jpg 768w\" sizes=\"(max-width: 1080px) 100vw, 1080px\" \/><div class=\"caption-wrap\"><div class=\"caption\">college voices<\/div><\/div><\/li>\n                <li style=\"display: none; width: 100%;\" class=\"slide-2565 ms-image \" aria-roledescription=\"slide\" data-date=\"2025-06-01 06:47:14\" data-filename=\"And-Kats-spielt-den-Bass-am-Meer.png\" data-slide-type=\"image\"><img loading=\"lazy\" decoding=\"async\" width=\"1200\" height=\"600\" src=\"https:\/\/v-o-c.de\/wp-content\/uploads\/2025\/06\/And-Kats-spielt-den-Bass-am-Meer.png\" class=\"slider-2524 slide-2565 msDefaultImage\" alt=\"\" rel=\"\" title=\"And Kat Plays The Bass - Sundown\" srcset=\"https:\/\/v-o-c.de\/wp-content\/uploads\/2025\/06\/And-Kats-spielt-den-Bass-am-Meer.png 1200w, https:\/\/v-o-c.de\/wp-content\/uploads\/2025\/06\/And-Kats-spielt-den-Bass-am-Meer-300x150.png 300w, https:\/\/v-o-c.de\/wp-content\/uploads\/2025\/06\/And-Kats-spielt-den-Bass-am-Meer-1024x512.png 1024w, https:\/\/v-o-c.de\/wp-content\/uploads\/2025\/06\/And-Kats-spielt-den-Bass-am-Meer-768x384.png 768w\" sizes=\"(max-width: 1200px) 100vw, 1200px\" \/><div class=\"caption-wrap\"><div class=\"caption\">and kat plays the bass<\/div><\/div><\/li>\n            <\/ul>\n        <\/div>\n        \n    <\/div>\n<\/div><\/div>\n\n\n\n<div style=\"height:55px\" aria-hidden=\"true\" class=\"wp-block-spacer\"><\/div>\n\n\n\n<h2 class=\"wp-block-heading\">Samstag 21.06.2025<\/h2>\n\n\n\n<figure class=\"wp-block-table is-style-stripes\"><table class=\"has-black-color has-cool-to-warm-spectrum-gradient-background has-text-color has-background has-link-color\"><tbody><tr><td><strong>Zeit<\/strong><\/td><td><strong>Ensemble<\/strong><\/td><td><strong>Genre<\/strong><\/td><\/tr><tr><td>11:15<\/td><td><a href=\"#AndKatPlaysTheBass\" style=\"color: white\">And Kat Plays The Bass<\/a><\/td><td>Melodic Vintage<\/td><\/tr><tr><td>12:00<\/td><td><a href=\"#fast8\">Fast8<\/a><\/td><td>Crosswise Classicals<\/td><\/tr><tr><td>12:45<\/td><td><a href=\"#mgvwenzenbach\" style=\"color: white\">MGV Wenzenbach<\/a><\/td><td>Brotherhood &amp; Ballads<\/td><\/tr><tr><td>13:30<\/td><td><a href=\"#melodicmarcetplace\">Melodic Marketplace<\/a><\/td><td>Modern Pop<\/td><\/tr><tr><td>14:15<\/td><td><a href=\"#stimmix\" style=\"color: white\">Stimmix<\/a><\/td><td>Vocal Pop Fusion<\/td><\/tr><tr><td>15:00<\/td><td><a href=\"#musicantiregenstauf\">MusiCanti Regenstauf<\/a><\/td><td>Soul. Sound. Statement.<\/td><\/tr><tr><td>15:45<\/td><td><a href=\"#wohnzimmerchor\" style=\"color: white\">Wohnzimmerchor<\/a><\/td><td>Casual &amp; Relaxed<\/td><\/tr><tr><td>16:30<\/td><td><a href=\"#1stfloorjazzchor\">1st Floor JazzChor<\/a><\/td><td>PRJSMG with Pi-a-no<\/td><\/tr><tr><td>17:15<\/td><td><a href=\"#lamuur\" style=\"color: white\">LAMUUR<\/a><\/td><td>Modern Pop<\/td><\/tr><\/tbody><\/table><\/figure>\n\n\n\n<div style=\"height:53px\" aria-hidden=\"true\" class=\"wp-block-spacer\"><\/div>\n\n\n\n<h2 class=\"wp-block-heading\">Sonntag 22.06.2025<\/h2>\n\n\n\n<figure class=\"wp-block-table is-style-stripes\"><table class=\"has-luminous-dusk-gradient-background has-background\"><tbody><tr><td><strong>Zeit<\/strong><\/td><td><strong>Ensembles<\/strong><\/td><td><strong>Genre<\/strong><\/td><\/tr><tr><td>11:00<\/td><td><a href=\"#gopel&amp;more\" style=\"color: white\">Gospel &amp; More<\/a><\/td><td>Joyful Noise<\/td><\/tr><tr><td>11:45<\/td><td><a href=\"#uke1\">Ukulele First<\/a><\/td><td>Country Beachside Covers<\/td><\/tr><tr><td>12:30<\/td><td><a href=\"#tonbande\" style=\"color: white\">Tonbande<\/a><\/td><td>From Soft to Strong with the Rooster in the Henhouse<\/td><\/tr><tr><td>13:30<\/td><td><a href=\"#1860rgbg\">MGV 1860 Regensburg<\/a><\/td><td>Brotherhood &amp; Ballads<\/td><\/tr><tr><td>14:15<\/td><td><a href=\"#chorifeen\" style=\"color: white\">CHORIFEEN Wenzenbach<\/a><\/td><td>Voce Femme Fusion<\/td><\/tr><tr><td>15:00<\/td><td><a href=\"#novacapella\">Novacapella<\/a><\/td><td>Early Music &amp; Beyond<\/td><\/tr><tr><td>15:45<\/td><td><a href=\"#jazznuts\" style=\"color: white\">Jazznuts<\/a><\/td><td>Modern Pop<\/td><\/tr><tr><td>16:30<\/td><td><a href=\"#heartchor\">Heart Chor<\/a><\/td><td>Modern Pop<\/td><\/tr><tr><td>17:15<\/td><td><a href=\"#collegevoices\" style=\"color: white\">College Voices<\/a><\/td><td>Modern Pop<\/td><\/tr><\/tbody><\/table><\/figure>\n\n\n\n<div style=\"height:100px\" aria-hidden=\"true\" class=\"wp-block-spacer\"><\/div>\n\n\n\n<h2 class=\"wp-block-heading has-text-align-center\">Auf was Ihr Euch am Samstag freuen k\u00f6nnt<\/h2>\n\n\n\n<div class=\"wp-block-media-text is-stacked-on-mobile\" id=\"AndKatPlaysTheBass\"><figure class=\"wp-block-media-text__media\"><img loading=\"lazy\" decoding=\"async\" width=\"1024\" height=\"512\" src=\"https:\/\/v-o-c.de\/wp-content\/uploads\/2025\/06\/And-Kats-spielt-den-Bass-am-Meer-1024x512.png\" alt=\"\" class=\"wp-image-2564 size-full\" srcset=\"https:\/\/v-o-c.de\/wp-content\/uploads\/2025\/06\/And-Kats-spielt-den-Bass-am-Meer-1024x512.png 1024w, https:\/\/v-o-c.de\/wp-content\/uploads\/2025\/06\/And-Kats-spielt-den-Bass-am-Meer-300x150.png 300w, https:\/\/v-o-c.de\/wp-content\/uploads\/2025\/06\/And-Kats-spielt-den-Bass-am-Meer-768x384.png 768w, https:\/\/v-o-c.de\/wp-content\/uploads\/2025\/06\/And-Kats-spielt-den-Bass-am-Meer.png 1200w\" sizes=\"(max-width: 1024px) 100vw, 1024px\" \/><\/figure><div class=\"wp-block-media-text__content\">\n<p>Harmony Vocals with Support. Pop Songs von Alex &amp; Sierra, Fleedwood Mac oder Tina Dico. <strong>Beginn: 11:15 Uhr<\/strong><\/p>\n<\/div><\/div>\n\n\n\n<div class=\"wp-block-media-text is-stacked-on-mobile\" id=\"fast8\"><figure class=\"wp-block-media-text__media\"><img loading=\"lazy\" decoding=\"async\" width=\"1024\" height=\"512\" src=\"https:\/\/v-o-c.de\/wp-content\/uploads\/2025\/05\/fast8_1200x600-1024x512.jpg\" alt=\"\" class=\"wp-image-2534 size-full\" srcset=\"https:\/\/v-o-c.de\/wp-content\/uploads\/2025\/05\/fast8_1200x600-1024x512.jpg 1024w, https:\/\/v-o-c.de\/wp-content\/uploads\/2025\/05\/fast8_1200x600-300x150.jpg 300w, https:\/\/v-o-c.de\/wp-content\/uploads\/2025\/05\/fast8_1200x600-768x384.jpg 768w, https:\/\/v-o-c.de\/wp-content\/uploads\/2025\/05\/fast8_1200x600.jpg 1200w\" sizes=\"(max-width: 1024px) 100vw, 1024px\" \/><\/figure><div class=\"wp-block-media-text__content\">\n<p><br>fast8 &#8211; aktuell drei Frauen und drei M\u00e4nner singen a cappella Pop- und Jazz-Songs aus dem 20. Jahrhundert, gerne aber auch Madrigale, klassische Musik, Gospels und anderes Sch\u00f6nes. <strong>Beginn: 12:00 Uhr<\/strong><\/p>\n<\/div><\/div>\n\n\n\n<div class=\"wp-block-media-text is-stacked-on-mobile\" id=\"mgvwenzenbach\"><figure class=\"wp-block-media-text__media\"><img loading=\"lazy\" decoding=\"async\" width=\"1024\" height=\"512\" src=\"https:\/\/v-o-c.de\/wp-content\/uploads\/2025\/05\/wenzenbach_1200x600-1024x512.jpg\" alt=\"\" class=\"wp-image-2544 size-full\" srcset=\"https:\/\/v-o-c.de\/wp-content\/uploads\/2025\/05\/wenzenbach_1200x600-1024x512.jpg 1024w, https:\/\/v-o-c.de\/wp-content\/uploads\/2025\/05\/wenzenbach_1200x600-300x150.jpg 300w, https:\/\/v-o-c.de\/wp-content\/uploads\/2025\/05\/wenzenbach_1200x600-768x384.jpg 768w, https:\/\/v-o-c.de\/wp-content\/uploads\/2025\/05\/wenzenbach_1200x600.jpg 1200w\" sizes=\"(max-width: 1024px) 100vw, 1024px\" \/><\/figure><div class=\"wp-block-media-text__content\">\n<p>Der wenzenbacher M\u00e4nnerchor pflegt ein breites Repertoire von der klassischen und geistlichen M\u00e4nnerchorliteratur \u00fcber Spirituals und internationales Liedgut bis hin zu Chors\u00e4tzen aus dem Bereich der Unterhaltungsmusik. <strong>Beginn: 12:45 Uhr<\/strong><\/p>\n<\/div><\/div>\n\n\n\n<div class=\"wp-block-media-text is-stacked-on-mobile\" id=\"melodicmarketplace\"><figure class=\"wp-block-media-text__media\"><img loading=\"lazy\" decoding=\"async\" width=\"1024\" height=\"511\" src=\"https:\/\/v-o-c.de\/wp-content\/uploads\/2025\/05\/melodic-marketplace_1200x600-1024x511.png\" alt=\"\" class=\"wp-image-2540 size-full\" srcset=\"https:\/\/v-o-c.de\/wp-content\/uploads\/2025\/05\/melodic-marketplace_1200x600-1024x511.png 1024w, https:\/\/v-o-c.de\/wp-content\/uploads\/2025\/05\/melodic-marketplace_1200x600-300x150.png 300w, https:\/\/v-o-c.de\/wp-content\/uploads\/2025\/05\/melodic-marketplace_1200x600-768x383.png 768w, https:\/\/v-o-c.de\/wp-content\/uploads\/2025\/05\/melodic-marketplace_1200x600.png 1200w\" sizes=\"(max-width: 1024px) 100vw, 1024px\" \/><\/figure><div class=\"wp-block-media-text__content\">\n<p>Das A-cappella-Ensemble &#8222;Melodic Marketplace&#8220; aus Regensburg singt moderne Pop-Arrangements ohne Instrumentalbegleitung. Ob ruhige, kraftvolle oder witzige Songs &#8211; die neun S\u00e4nger*innen eint der Spa\u00df an der Musik. <strong>Beginn: 13:30 Uhr<\/strong><\/p>\n<\/div><\/div>\n\n\n\n<div class=\"wp-block-media-text is-stacked-on-mobile\" id=\"stimmix\"><figure class=\"wp-block-media-text__media\"><img loading=\"lazy\" decoding=\"async\" width=\"1024\" height=\"512\" src=\"https:\/\/v-o-c.de\/wp-content\/uploads\/2025\/05\/stimmix_1200x600-1024x512.jpg\" alt=\"\" class=\"wp-image-2550 size-full\" srcset=\"https:\/\/v-o-c.de\/wp-content\/uploads\/2025\/05\/stimmix_1200x600-1024x512.jpg 1024w, https:\/\/v-o-c.de\/wp-content\/uploads\/2025\/05\/stimmix_1200x600-300x150.jpg 300w, https:\/\/v-o-c.de\/wp-content\/uploads\/2025\/05\/stimmix_1200x600-768x384.jpg 768w, https:\/\/v-o-c.de\/wp-content\/uploads\/2025\/05\/stimmix_1200x600.jpg 1200w\" sizes=\"(max-width: 1024px) 100vw, 1024px\" \/><\/figure><div class=\"wp-block-media-text__content\">\n<p>Stimmix &#8211; aktuelle Chartbreaker, Rock-Klassiker, stimmungsvolle Balladen und soundige Gospels <strong>Beginn: 14:15 Uhr<\/strong><\/p>\n<\/div><\/div>\n\n\n\n<div class=\"wp-block-media-text is-stacked-on-mobile\" id=\"musicanti\"><figure class=\"wp-block-media-text__media\"><img loading=\"lazy\" decoding=\"async\" width=\"1024\" height=\"512\" src=\"https:\/\/v-o-c.de\/wp-content\/uploads\/2025\/05\/musicanti_1200x600-1024x512.png\" alt=\"\" class=\"wp-image-2546 size-full\" srcset=\"https:\/\/v-o-c.de\/wp-content\/uploads\/2025\/05\/musicanti_1200x600-1024x512.png 1024w, https:\/\/v-o-c.de\/wp-content\/uploads\/2025\/05\/musicanti_1200x600-300x150.png 300w, https:\/\/v-o-c.de\/wp-content\/uploads\/2025\/05\/musicanti_1200x600-768x384.png 768w, https:\/\/v-o-c.de\/wp-content\/uploads\/2025\/05\/musicanti_1200x600.png 1200w\" sizes=\"(max-width: 1024px) 100vw, 1024px\" \/><\/figure><div class=\"wp-block-media-text__content\">\n<p>MusiCanti ist ein gemischter Chor aus Regenstauf, mit Schwerpunkt Gospelmusik \u00fcber barocke Lieder, Klassik, Folk und Traditionals bis hin zu zeitgen\u00f6ssischen und aus Radio und Charts bekannten Songs. <strong>Beginn: 15:00 Uhr<\/strong><\/p>\n<\/div><\/div>\n\n\n\n<div class=\"wp-block-media-text is-stacked-on-mobile\" id=\"wohnzimmerchor\"><figure class=\"wp-block-media-text__media\"><img loading=\"lazy\" decoding=\"async\" width=\"1024\" height=\"511\" src=\"https:\/\/v-o-c.de\/wp-content\/uploads\/2025\/05\/wohnzimmerchor_1200x600-1024x511.jpg\" alt=\"\" class=\"wp-image-2556 size-full\" srcset=\"https:\/\/v-o-c.de\/wp-content\/uploads\/2025\/05\/wohnzimmerchor_1200x600-1024x511.jpg 1024w, https:\/\/v-o-c.de\/wp-content\/uploads\/2025\/05\/wohnzimmerchor_1200x600-300x150.jpg 300w, https:\/\/v-o-c.de\/wp-content\/uploads\/2025\/05\/wohnzimmerchor_1200x600-768x383.jpg 768w, https:\/\/v-o-c.de\/wp-content\/uploads\/2025\/05\/wohnzimmerchor_1200x600.jpg 1200w\" sizes=\"(max-width: 1024px) 100vw, 1024px\" \/><\/figure><div class=\"wp-block-media-text__content\">\n<p><br>Der Wohnzimmerchor singt alles, was ihnen Spa\u00df und Freude bereitet: Mendelssohn, Brahms, Mozart, aber auch Pop, Traditionals und Volkslieder. <strong>Beginn: 15:45 Uhr<\/strong><\/p>\n<\/div><\/div>\n\n\n\n<div class=\"wp-block-media-text is-stacked-on-mobile\" id=\"1stfloorjazzchor\"><figure class=\"wp-block-media-text__media\"><img loading=\"lazy\" decoding=\"async\" width=\"1024\" height=\"682\" src=\"https:\/\/v-o-c.de\/wp-content\/uploads\/2025\/05\/Jazzchor2024_logo-1024x682.jpg\" alt=\"\" class=\"wp-image-2526 size-full\" srcset=\"https:\/\/v-o-c.de\/wp-content\/uploads\/2025\/05\/Jazzchor2024_logo-1024x682.jpg 1024w, https:\/\/v-o-c.de\/wp-content\/uploads\/2025\/05\/Jazzchor2024_logo-300x200.jpg 300w, https:\/\/v-o-c.de\/wp-content\/uploads\/2025\/05\/Jazzchor2024_logo-768x511.jpg 768w, https:\/\/v-o-c.de\/wp-content\/uploads\/2025\/05\/Jazzchor2024_logo-1536x1022.jpg 1536w, https:\/\/v-o-c.de\/wp-content\/uploads\/2025\/05\/Jazzchor2024_logo.jpg 2048w\" sizes=\"(max-width: 1024px) 100vw, 1024px\" \/><\/figure><div class=\"wp-block-media-text__content\">\n<p>Der \u201e1st Floor JazzChor&#8220; der Musikschule Regensburg pr\u00e4sentiert aktuelle Pop- und Rocksongs, Jazz- und Swing Standards bis hin zu bekannten Musical- und Gospelarrangements. <strong>Beginn: 16:30 Uhr<\/strong><\/p>\n<\/div><\/div>\n\n\n\n<div class=\"wp-block-media-text is-stacked-on-mobile\" id=\"lamuur\"><figure class=\"wp-block-media-text__media\"><img loading=\"lazy\" decoding=\"async\" width=\"1024\" height=\"512\" src=\"https:\/\/v-o-c.de\/wp-content\/uploads\/2025\/05\/Popchor-LAMUUR_1200x600-1024x512.jpg\" alt=\"\" class=\"wp-image-2538 size-full\" srcset=\"https:\/\/v-o-c.de\/wp-content\/uploads\/2025\/05\/Popchor-LAMUUR_1200x600-1024x512.jpg 1024w, https:\/\/v-o-c.de\/wp-content\/uploads\/2025\/05\/Popchor-LAMUUR_1200x600-300x150.jpg 300w, https:\/\/v-o-c.de\/wp-content\/uploads\/2025\/05\/Popchor-LAMUUR_1200x600-768x384.jpg 768w, https:\/\/v-o-c.de\/wp-content\/uploads\/2025\/05\/Popchor-LAMUUR_1200x600.jpg 1200w\" sizes=\"(max-width: 1024px) 100vw, 1024px\" \/><\/figure><div class=\"wp-block-media-text__content\">\n<p>Der Popchor LAMUUR (Lehramt Musik Universit\u00e4t Regensburg) pr\u00e4sentiert bekannte Melodien popul\u00e4rer Musik in raffinierten Chorarrangements von Stevie Wonder bis Danger Dan. <strong>Beginn: 17:15 Uhr<\/strong><\/p>\n<\/div><\/div>\n\n\n\n<div style=\"height:100px\" aria-hidden=\"true\" class=\"wp-block-spacer\"><\/div>\n\n\n\n<h2 class=\"wp-block-heading\">Auf was Ihr Euch am Sonntag freuen k\u00f6nnt<\/h2>\n\n\n\n<div class=\"wp-block-media-text is-stacked-on-mobile\" id=\"gospel&amp;more\"><figure class=\"wp-block-media-text__media\"><img loading=\"lazy\" decoding=\"async\" width=\"1024\" height=\"512\" src=\"https:\/\/v-o-c.de\/wp-content\/uploads\/2025\/05\/gospelmore_1200x600-1024x512.jpg\" alt=\"\" class=\"wp-image-2536 size-full\" srcset=\"https:\/\/v-o-c.de\/wp-content\/uploads\/2025\/05\/gospelmore_1200x600-1024x512.jpg 1024w, https:\/\/v-o-c.de\/wp-content\/uploads\/2025\/05\/gospelmore_1200x600-300x150.jpg 300w, https:\/\/v-o-c.de\/wp-content\/uploads\/2025\/05\/gospelmore_1200x600-768x384.jpg 768w, https:\/\/v-o-c.de\/wp-content\/uploads\/2025\/05\/gospelmore_1200x600.jpg 1200w\" sizes=\"(max-width: 1024px) 100vw, 1024px\" \/><\/figure><div class=\"wp-block-media-text__content\">\n<p><br>Der gemischte Chor Gospel&amp;More kommt aus Neumarkt i.d.OPf. Schwerpunkt des Ensembles liegt auf Gospels und Spirituals, aber auch Pop- und Rocksongs sowie Schlager. <strong>Beginn: 11:00 Uhr<\/strong><\/p>\n<\/div><\/div>\n\n\n\n<div class=\"wp-block-media-text is-stacked-on-mobile\" id=\"uke1\"><figure class=\"wp-block-media-text__media\"><img loading=\"lazy\" decoding=\"async\" width=\"1024\" height=\"512\" src=\"https:\/\/v-o-c.de\/wp-content\/uploads\/2025\/05\/ukulele-first_1200x600-1024x512.jpg\" alt=\"\" class=\"wp-image-2554 size-full\" srcset=\"https:\/\/v-o-c.de\/wp-content\/uploads\/2025\/05\/ukulele-first_1200x600-1024x512.jpg 1024w, https:\/\/v-o-c.de\/wp-content\/uploads\/2025\/05\/ukulele-first_1200x600-300x150.jpg 300w, https:\/\/v-o-c.de\/wp-content\/uploads\/2025\/05\/ukulele-first_1200x600-768x384.jpg 768w, https:\/\/v-o-c.de\/wp-content\/uploads\/2025\/05\/ukulele-first_1200x600.jpg 1200w\" sizes=\"(max-width: 1024px) 100vw, 1024px\" \/><\/figure><div class=\"wp-block-media-text__content\">\n<p>Das Repertoire von Ukulele First reicht von Rock n Roll, Folk und Country Klassikern aus der 60er und 70er Jahre \u00fcber Schlager bis hin zu aktuellen Hits. <strong>Beginn: 11:45 Uhr<\/strong><\/p>\n<\/div><\/div>\n\n\n\n<div class=\"wp-block-media-text is-stacked-on-mobile\" id=\"tonbande\"><figure class=\"wp-block-media-text__media\"><img loading=\"lazy\" decoding=\"async\" width=\"1024\" height=\"512\" src=\"https:\/\/v-o-c.de\/wp-content\/uploads\/2025\/05\/tonbande_1200x600-1024x512.jpeg\" alt=\"\" class=\"wp-image-2552 size-full\" srcset=\"https:\/\/v-o-c.de\/wp-content\/uploads\/2025\/05\/tonbande_1200x600-1024x512.jpeg 1024w, https:\/\/v-o-c.de\/wp-content\/uploads\/2025\/05\/tonbande_1200x600-300x150.jpeg 300w, https:\/\/v-o-c.de\/wp-content\/uploads\/2025\/05\/tonbande_1200x600-768x384.jpeg 768w, https:\/\/v-o-c.de\/wp-content\/uploads\/2025\/05\/tonbande_1200x600.jpeg 1200w\" sizes=\"(max-width: 1024px) 100vw, 1024px\" \/><\/figure><div class=\"wp-block-media-text__content\">\n<p>Die Tonbande aus Regensburg, ein frischer und fr\u00f6hlicher Frauenchor (mit einem Hahn im Korb), pr\u00e4sentiert Tonbande ein buntes und vielseitiges Programm mal auf Deutsch, mal auf Englisch, mal laut , mal leise. <strong>Beginn:  12:30 Uhr<\/strong><\/p>\n<\/div><\/div>\n\n\n\n<div class=\"wp-block-media-text is-stacked-on-mobile\" id=\"1860rgbg\"><figure class=\"wp-block-media-text__media\"><img loading=\"lazy\" decoding=\"async\" width=\"800\" height=\"400\" src=\"https:\/\/v-o-c.de\/wp-content\/uploads\/2023\/05\/mgv-1860-rgbg_800x400.png\" alt=\"\" class=\"wp-image-503 size-full\" srcset=\"https:\/\/v-o-c.de\/wp-content\/uploads\/2023\/05\/mgv-1860-rgbg_800x400.png 800w, https:\/\/v-o-c.de\/wp-content\/uploads\/2023\/05\/mgv-1860-rgbg_800x400-300x150.png 300w, https:\/\/v-o-c.de\/wp-content\/uploads\/2023\/05\/mgv-1860-rgbg_800x400-768x384.png 768w\" sizes=\"(max-width: 800px) 100vw, 800px\" \/><\/figure><div class=\"wp-block-media-text__content\">\n<p>MGV 1860 Regensburg &#8211; Bayerische Songs traditionell und neu, eine Prise Comedian Harmonists, Musical-Klassiker und alles, was sich mit viel Spa\u00df und vier M\u00e4nnerstimmen singen l\u00e4sst! <strong>Beginn: 13:30 Uhr<\/strong><\/p>\n<\/div><\/div>\n\n\n\n<div class=\"wp-block-media-text is-stacked-on-mobile\" id=\"chorifeen\"><figure class=\"wp-block-media-text__media\"><img loading=\"lazy\" decoding=\"async\" width=\"1024\" height=\"512\" src=\"https:\/\/v-o-c.de\/wp-content\/uploads\/2025\/05\/chorifeen_1200x600-1024x512.jpg\" alt=\"\" class=\"wp-image-2532 size-full\" srcset=\"https:\/\/v-o-c.de\/wp-content\/uploads\/2025\/05\/chorifeen_1200x600-1024x512.jpg 1024w, https:\/\/v-o-c.de\/wp-content\/uploads\/2025\/05\/chorifeen_1200x600-300x150.jpg 300w, https:\/\/v-o-c.de\/wp-content\/uploads\/2025\/05\/chorifeen_1200x600-768x384.jpg 768w, https:\/\/v-o-c.de\/wp-content\/uploads\/2025\/05\/chorifeen_1200x600.jpg 1200w\" sizes=\"(max-width: 1024px) 100vw, 1024px\" \/><\/figure><div class=\"wp-block-media-text__content\">\n<p><br>CHORiFEEN \u2013 der zauberhaften Frauenchor pr\u00e4sentiert einen kunterbunten Mix von mitrei\u00dfendem Rock &amp; Pop \u00fcber zeitlose Oldies, magische Musical-Hits bis hin zu modernen Kirchenliedern. <strong>Beginn: 14:15 Uhr<\/strong><\/p>\n<\/div><\/div>\n\n\n\n<div class=\"wp-block-media-text is-stacked-on-mobile\" id=\"novacapella\"><figure class=\"wp-block-media-text__media\"><img loading=\"lazy\" decoding=\"async\" width=\"1024\" height=\"512\" src=\"https:\/\/v-o-c.de\/wp-content\/uploads\/2025\/05\/novacapella_1200x600-1024x512.jpg\" alt=\"\" class=\"wp-image-2548 size-full\" srcset=\"https:\/\/v-o-c.de\/wp-content\/uploads\/2025\/05\/novacapella_1200x600-1024x512.jpg 1024w, https:\/\/v-o-c.de\/wp-content\/uploads\/2025\/05\/novacapella_1200x600-300x150.jpg 300w, https:\/\/v-o-c.de\/wp-content\/uploads\/2025\/05\/novacapella_1200x600-768x384.jpg 768w, https:\/\/v-o-c.de\/wp-content\/uploads\/2025\/05\/novacapella_1200x600.jpg 1200w\" sizes=\"(max-width: 1024px) 100vw, 1024px\" \/><\/figure><div class=\"wp-block-media-text__content\">\n<p>Die 30 S\u00e4nger:Innen von Novacapella Regensburg  pr\u00e4sentieren Profan- als auch Sakralliteratur der Renaissance mit musikalischem Bogen bis zur Neuzeit. <strong>Beginn: 15:00 Uhr<\/strong> <\/p>\n<\/div><\/div>\n\n\n\n<div class=\"wp-block-media-text is-stacked-on-mobile\" id=\"jazznuts\"><figure class=\"wp-block-media-text__media\"><img loading=\"lazy\" decoding=\"async\" width=\"1024\" height=\"512\" src=\"https:\/\/v-o-c.de\/wp-content\/uploads\/2024\/10\/jazznuts_1200x600-1024x512.jpg\" alt=\"\" class=\"wp-image-2041 size-full\" srcset=\"https:\/\/v-o-c.de\/wp-content\/uploads\/2024\/10\/jazznuts_1200x600-1024x512.jpg 1024w, https:\/\/v-o-c.de\/wp-content\/uploads\/2024\/10\/jazznuts_1200x600-300x150.jpg 300w, https:\/\/v-o-c.de\/wp-content\/uploads\/2024\/10\/jazznuts_1200x600-768x384.jpg 768w, https:\/\/v-o-c.de\/wp-content\/uploads\/2024\/10\/jazznuts_1200x600.jpg 1200w\" sizes=\"(max-width: 1024px) 100vw, 1024px\" \/><\/figure><div class=\"wp-block-media-text__content\">\n<p>&nbsp;Die Jazznuts, der A-cappella-Chor an der Uni Regensburg. Seit fast 30 Jahren begeistern sie das Publikum&nbsp;mit stimmgewaltigen A-cappella-Sound und jeder Menge Groove. <strong>Beginn: 15:45 Uhr<\/strong><\/p>\n<\/div><\/div>\n\n\n\n<div class=\"wp-block-media-text is-stacked-on-mobile\" id=\"heartchor\"><figure class=\"wp-block-media-text__media\"><img loading=\"lazy\" decoding=\"async\" width=\"1024\" height=\"512\" src=\"https:\/\/v-o-c.de\/wp-content\/uploads\/2024\/10\/heart-chor_1200x600-1024x512.jpg\" alt=\"\" class=\"wp-image-2024 size-full\" srcset=\"https:\/\/v-o-c.de\/wp-content\/uploads\/2024\/10\/heart-chor_1200x600-1024x512.jpg 1024w, https:\/\/v-o-c.de\/wp-content\/uploads\/2024\/10\/heart-chor_1200x600-300x150.jpg 300w, https:\/\/v-o-c.de\/wp-content\/uploads\/2024\/10\/heart-chor_1200x600-768x384.jpg 768w, https:\/\/v-o-c.de\/wp-content\/uploads\/2024\/10\/heart-chor_1200x600.jpg 1200w\" sizes=\"(max-width: 1024px) 100vw, 1024px\" \/><\/figure><div class=\"wp-block-media-text__content\">\n<p>Heartchor &#8211; aktuelle Lieder, wie \u201eIst da Jemand\u201c \u00fcber Crowdpleaser, wie \u201eNever Enough\u201c bis hin zu soziopolitisch relevanten Songs wie \u201eDie Resilienz\u201c. Seine jazzige Seite lebt der Heart Chor mit \u201eI\u2019ll be seeing you\u201c und \u201eSmooth Criminal\u201c aus.&nbsp;<strong>Beginn: 16:30 Uhr<\/strong><\/p>\n<\/div><\/div>\n\n\n\n<div class=\"wp-block-media-text is-stacked-on-mobile\" id=\"collegevoices\"><figure class=\"wp-block-media-text__media\"><img loading=\"lazy\" decoding=\"async\" width=\"1024\" height=\"512\" src=\"https:\/\/v-o-c.de\/wp-content\/uploads\/2023\/07\/mc-vokalensemble-1024x512.jpg\" alt=\"\" class=\"wp-image-816 size-full\" srcset=\"https:\/\/v-o-c.de\/wp-content\/uploads\/2023\/07\/mc-vokalensemble-1024x512.jpg 1024w, https:\/\/v-o-c.de\/wp-content\/uploads\/2023\/07\/mc-vokalensemble-300x150.jpg 300w, https:\/\/v-o-c.de\/wp-content\/uploads\/2023\/07\/mc-vokalensemble-768x384.jpg 768w, https:\/\/v-o-c.de\/wp-content\/uploads\/2023\/07\/mc-vokalensemble.jpg 1080w\" sizes=\"(max-width: 1024px) 100vw, 1024px\" \/><\/figure><div class=\"wp-block-media-text__content\">\n<p>College Voices &#8211; A Cappella Arrangements aus der Profi-Schmiede des Music Colleges Regensburg (Lokschuppen) <strong>Beginn: 17:15 Uhr<\/strong><\/p>\n<\/div><\/div>\n\n\n\n<p><\/p>\n","protected":false},"excerpt":{"rendered":"<div class=\"mh-excerpt\"><p>Nachdem die Premiere der Vokalb\u00fchne auf dem Regensburger B\u00fcrgerfest 2023 so gro\u00dfen Anklang gefunden hat, organisiert der VOC mit Unterst\u00fctzung des Regensburger Kulturamts eine Neuauflage. <a class=\"mh-excerpt-more\" href=\"https:\/\/v-o-c.de\/index.php\/buergerfest-2025-programm\/\" title=\"B\u00fcrgerfest 2025 Programm\">[&#8230;]<\/a><\/p>\n<\/div>","protected":false},"author":1,"featured_media":0,"parent":0,"menu_order":0,"comment_status":"closed","ping_status":"closed","template":"template-full.php","meta":{"_price":"","_stock":"","_tribe_ticket_header":"","_tribe_default_ticket_provider":"","_tribe_ticket_capacity":"0","_ticket_start_date":"","_ticket_end_date":"","_tribe_ticket_show_description":"","_tribe_ticket_show_not_going":false,"_tribe_ticket_use_global_stock":"","_tribe_ticket_global_stock_level":"","_global_stock_mode":"","_global_stock_cap":"","_tribe_rsvp_for_event":"","_tribe_ticket_going_count":"","_tribe_ticket_not_going_count":"","_tribe_tickets_list":"[]","_tribe_ticket_has_attendee_info_fields":false,"_EventAllDay":false,"_EventTimezone":"","_EventStartDate":"","_EventEndDate":"","_EventStartDateUTC":"","_EventEndDateUTC":"","_EventShowMap":false,"_EventShowMapLink":false,"_EventURL":"","_EventCost":"","_EventCostDescription":"","_EventCurrencySymbol":"","_EventCurrencyCode":"","_EventCurrencyPosition":"","_EventDateTimeSeparator":"","_EventTimeRangeSeparator":"","_EventOrganizerID":[],"_EventVenueID":[],"_OrganizerEmail":"","_OrganizerPhone":"","_OrganizerWebsite":"","_VenueAddress":"","_VenueCity":"","_VenueCountry":"","_VenueProvince":"","_VenueState":"","_VenueZip":"","_VenuePhone":"","_VenueURL":"","_VenueStateProvince":"","_VenueLat":"","_VenueLng":"","_VenueShowMap":false,"_VenueShowMapLink":false,"footnotes":""},"class_list":["post-2457","page","type-page","status-publish","hentry"],"yoast_head":"<!-- This site is optimized with the Yoast SEO plugin v27.5 - https:\/\/yoast.com\/product\/yoast-seo-wordpress\/ -->\n<title>B\u00fcrgerfest 2025 Programm - Verband Oberpf\u00e4lzer Ch\u00f6re<\/title>\n<meta name=\"robots\" content=\"index, follow, max-snippet:-1, max-image-preview:large, max-video-preview:-1\" \/>\n<link rel=\"canonical\" href=\"https:\/\/v-o-c.de\/index.php\/buergerfest-2025-programm\/\" \/>\n<meta property=\"og:locale\" content=\"de_DE\" \/>\n<meta property=\"og:type\" content=\"article\" \/>\n<meta property=\"og:title\" content=\"B\u00fcrgerfest 2025 Programm - Verband Oberpf\u00e4lzer Ch\u00f6re\" \/>\n<meta property=\"og:description\" content=\"Nachdem die Premiere der Vokalb\u00fchne auf dem Regensburger B\u00fcrgerfest 2023 so gro\u00dfen Anklang gefunden hat, organisiert der VOC mit Unterst\u00fctzung des Regensburger Kulturamts eine Neuauflage. [...]\" \/>\n<meta property=\"og:url\" content=\"https:\/\/v-o-c.de\/index.php\/buergerfest-2025-programm\/\" \/>\n<meta property=\"og:site_name\" content=\"Verband Oberpf\u00e4lzer Ch\u00f6re\" \/>\n<meta property=\"article:modified_time\" content=\"2025-06-01T11:09:02+00:00\" \/>\n<meta property=\"og:image\" content=\"https:\/\/v-o-c.de\/wp-content\/uploads\/2025\/06\/And-Kats-spielt-den-Bass-am-Meer-1024x512.png\" \/>\n<meta name=\"twitter:card\" content=\"summary_large_image\" \/>\n<meta name=\"twitter:label1\" content=\"Gesch\u00e4tzte Lesezeit\" \/>\n\t<meta name=\"twitter:data1\" content=\"8\u00a0Minuten\" \/>\n<script type=\"application\/ld+json\" class=\"yoast-schema-graph\">{\"@context\":\"https:\\\/\\\/schema.org\",\"@graph\":[{\"@type\":\"WebPage\",\"@id\":\"https:\\\/\\\/v-o-c.de\\\/index.php\\\/buergerfest-2025-programm\\\/\",\"url\":\"https:\\\/\\\/v-o-c.de\\\/index.php\\\/buergerfest-2025-programm\\\/\",\"name\":\"B\u00fcrgerfest 2025 Programm - Verband Oberpf\u00e4lzer Ch\u00f6re\",\"isPartOf\":{\"@id\":\"https:\\\/\\\/v-o-c.de\\\/#website\"},\"primaryImageOfPage\":{\"@id\":\"https:\\\/\\\/v-o-c.de\\\/index.php\\\/buergerfest-2025-programm\\\/#primaryimage\"},\"image\":{\"@id\":\"https:\\\/\\\/v-o-c.de\\\/index.php\\\/buergerfest-2025-programm\\\/#primaryimage\"},\"thumbnailUrl\":\"https:\\\/\\\/v-o-c.de\\\/wp-content\\\/uploads\\\/2025\\\/06\\\/And-Kats-spielt-den-Bass-am-Meer-1024x512.png\",\"datePublished\":\"2025-06-01T10:58:34+00:00\",\"dateModified\":\"2025-06-01T11:09:02+00:00\",\"breadcrumb\":{\"@id\":\"https:\\\/\\\/v-o-c.de\\\/index.php\\\/buergerfest-2025-programm\\\/#breadcrumb\"},\"inLanguage\":\"de\",\"potentialAction\":[{\"@type\":\"ReadAction\",\"target\":[\"https:\\\/\\\/v-o-c.de\\\/index.php\\\/buergerfest-2025-programm\\\/\"]}]},{\"@type\":\"ImageObject\",\"inLanguage\":\"de\",\"@id\":\"https:\\\/\\\/v-o-c.de\\\/index.php\\\/buergerfest-2025-programm\\\/#primaryimage\",\"url\":\"https:\\\/\\\/v-o-c.de\\\/wp-content\\\/uploads\\\/2025\\\/06\\\/And-Kats-spielt-den-Bass-am-Meer.png\",\"contentUrl\":\"https:\\\/\\\/v-o-c.de\\\/wp-content\\\/uploads\\\/2025\\\/06\\\/And-Kats-spielt-den-Bass-am-Meer.png\",\"width\":1200,\"height\":600,\"caption\":\"and kat plays the bass\"},{\"@type\":\"BreadcrumbList\",\"@id\":\"https:\\\/\\\/v-o-c.de\\\/index.php\\\/buergerfest-2025-programm\\\/#breadcrumb\",\"itemListElement\":[{\"@type\":\"ListItem\",\"position\":1,\"name\":\"Startseite\",\"item\":\"https:\\\/\\\/v-o-c.de\\\/\"},{\"@type\":\"ListItem\",\"position\":2,\"name\":\"B\u00fcrgerfest 2025 Programm\"}]},{\"@type\":\"WebSite\",\"@id\":\"https:\\\/\\\/v-o-c.de\\\/#website\",\"url\":\"https:\\\/\\\/v-o-c.de\\\/\",\"name\":\"Verband Oberpf\u00e4lzer Ch\u00f6re\",\"description\":\"Drehscheibe f\u00fcr Vokal-Musik in der Oberpfalz\",\"publisher\":{\"@id\":\"https:\\\/\\\/v-o-c.de\\\/#organization\"},\"potentialAction\":[{\"@type\":\"SearchAction\",\"target\":{\"@type\":\"EntryPoint\",\"urlTemplate\":\"https:\\\/\\\/v-o-c.de\\\/?s={search_term_string}\"},\"query-input\":{\"@type\":\"PropertyValueSpecification\",\"valueRequired\":true,\"valueName\":\"search_term_string\"}}],\"inLanguage\":\"de\"},{\"@type\":\"Organization\",\"@id\":\"https:\\\/\\\/v-o-c.de\\\/#organization\",\"name\":\"Verband Oberpf\u00e4lzer Ch\u00f6re\",\"url\":\"https:\\\/\\\/v-o-c.de\\\/\",\"logo\":{\"@type\":\"ImageObject\",\"inLanguage\":\"de\",\"@id\":\"https:\\\/\\\/v-o-c.de\\\/#\\\/schema\\\/logo\\\/image\\\/\",\"url\":\"https:\\\/\\\/v-o-c.de\\\/wp-content\\\/uploads\\\/2023\\\/05\\\/cropped-VOC_Grafik_1080x250.jpg\",\"contentUrl\":\"https:\\\/\\\/v-o-c.de\\\/wp-content\\\/uploads\\\/2023\\\/05\\\/cropped-VOC_Grafik_1080x250.jpg\",\"width\":1080,\"height\":249,\"caption\":\"Verband Oberpf\u00e4lzer Ch\u00f6re\"},\"image\":{\"@id\":\"https:\\\/\\\/v-o-c.de\\\/#\\\/schema\\\/logo\\\/image\\\/\"}}]}<\/script>\n<!-- \/ Yoast SEO plugin. -->","yoast_head_json":{"title":"B\u00fcrgerfest 2025 Programm - Verband Oberpf\u00e4lzer Ch\u00f6re","robots":{"index":"index","follow":"follow","max-snippet":"max-snippet:-1","max-image-preview":"max-image-preview:large","max-video-preview":"max-video-preview:-1"},"canonical":"https:\/\/v-o-c.de\/index.php\/buergerfest-2025-programm\/","og_locale":"de_DE","og_type":"article","og_title":"B\u00fcrgerfest 2025 Programm - Verband Oberpf\u00e4lzer Ch\u00f6re","og_description":"Nachdem die Premiere der Vokalb\u00fchne auf dem Regensburger B\u00fcrgerfest 2023 so gro\u00dfen Anklang gefunden hat, organisiert der VOC mit Unterst\u00fctzung des Regensburger Kulturamts eine Neuauflage. [...]","og_url":"https:\/\/v-o-c.de\/index.php\/buergerfest-2025-programm\/","og_site_name":"Verband Oberpf\u00e4lzer Ch\u00f6re","article_modified_time":"2025-06-01T11:09:02+00:00","og_image":[{"url":"https:\/\/v-o-c.de\/wp-content\/uploads\/2025\/06\/And-Kats-spielt-den-Bass-am-Meer-1024x512.png","type":"","width":"","height":""}],"twitter_card":"summary_large_image","twitter_misc":{"Gesch\u00e4tzte Lesezeit":"8\u00a0Minuten"},"schema":{"@context":"https:\/\/schema.org","@graph":[{"@type":"WebPage","@id":"https:\/\/v-o-c.de\/index.php\/buergerfest-2025-programm\/","url":"https:\/\/v-o-c.de\/index.php\/buergerfest-2025-programm\/","name":"B\u00fcrgerfest 2025 Programm - Verband Oberpf\u00e4lzer Ch\u00f6re","isPartOf":{"@id":"https:\/\/v-o-c.de\/#website"},"primaryImageOfPage":{"@id":"https:\/\/v-o-c.de\/index.php\/buergerfest-2025-programm\/#primaryimage"},"image":{"@id":"https:\/\/v-o-c.de\/index.php\/buergerfest-2025-programm\/#primaryimage"},"thumbnailUrl":"https:\/\/v-o-c.de\/wp-content\/uploads\/2025\/06\/And-Kats-spielt-den-Bass-am-Meer-1024x512.png","datePublished":"2025-06-01T10:58:34+00:00","dateModified":"2025-06-01T11:09:02+00:00","breadcrumb":{"@id":"https:\/\/v-o-c.de\/index.php\/buergerfest-2025-programm\/#breadcrumb"},"inLanguage":"de","potentialAction":[{"@type":"ReadAction","target":["https:\/\/v-o-c.de\/index.php\/buergerfest-2025-programm\/"]}]},{"@type":"ImageObject","inLanguage":"de","@id":"https:\/\/v-o-c.de\/index.php\/buergerfest-2025-programm\/#primaryimage","url":"https:\/\/v-o-c.de\/wp-content\/uploads\/2025\/06\/And-Kats-spielt-den-Bass-am-Meer.png","contentUrl":"https:\/\/v-o-c.de\/wp-content\/uploads\/2025\/06\/And-Kats-spielt-den-Bass-am-Meer.png","width":1200,"height":600,"caption":"and kat plays the bass"},{"@type":"BreadcrumbList","@id":"https:\/\/v-o-c.de\/index.php\/buergerfest-2025-programm\/#breadcrumb","itemListElement":[{"@type":"ListItem","position":1,"name":"Startseite","item":"https:\/\/v-o-c.de\/"},{"@type":"ListItem","position":2,"name":"B\u00fcrgerfest 2025 Programm"}]},{"@type":"WebSite","@id":"https:\/\/v-o-c.de\/#website","url":"https:\/\/v-o-c.de\/","name":"Verband Oberpf\u00e4lzer Ch\u00f6re","description":"Drehscheibe f\u00fcr Vokal-Musik in der Oberpfalz","publisher":{"@id":"https:\/\/v-o-c.de\/#organization"},"potentialAction":[{"@type":"SearchAction","target":{"@type":"EntryPoint","urlTemplate":"https:\/\/v-o-c.de\/?s={search_term_string}"},"query-input":{"@type":"PropertyValueSpecification","valueRequired":true,"valueName":"search_term_string"}}],"inLanguage":"de"},{"@type":"Organization","@id":"https:\/\/v-o-c.de\/#organization","name":"Verband Oberpf\u00e4lzer Ch\u00f6re","url":"https:\/\/v-o-c.de\/","logo":{"@type":"ImageObject","inLanguage":"de","@id":"https:\/\/v-o-c.de\/#\/schema\/logo\/image\/","url":"https:\/\/v-o-c.de\/wp-content\/uploads\/2023\/05\/cropped-VOC_Grafik_1080x250.jpg","contentUrl":"https:\/\/v-o-c.de\/wp-content\/uploads\/2023\/05\/cropped-VOC_Grafik_1080x250.jpg","width":1080,"height":249,"caption":"Verband Oberpf\u00e4lzer Ch\u00f6re"},"image":{"@id":"https:\/\/v-o-c.de\/#\/schema\/logo\/image\/"}}]}},"publishpress_future_action":{"enabled":false,"date":"2026-05-08 07:12:14","action":"change-status","newStatus":"draft","terms":[],"taxonomy":"","extraData":[]},"publishpress_future_workflow_manual_trigger":{"enabledWorkflows":[]},"_links":{"self":[{"href":"https:\/\/v-o-c.de\/index.php\/wp-json\/wp\/v2\/pages\/2457","targetHints":{"allow":["GET"]}}],"collection":[{"href":"https:\/\/v-o-c.de\/index.php\/wp-json\/wp\/v2\/pages"}],"about":[{"href":"https:\/\/v-o-c.de\/index.php\/wp-json\/wp\/v2\/types\/page"}],"author":[{"embeddable":true,"href":"https:\/\/v-o-c.de\/index.php\/wp-json\/wp\/v2\/users\/1"}],"replies":[{"embeddable":true,"href":"https:\/\/v-o-c.de\/index.php\/wp-json\/wp\/v2\/comments?post=2457"}],"version-history":[{"count":65,"href":"https:\/\/v-o-c.de\/index.php\/wp-json\/wp\/v2\/pages\/2457\/revisions"}],"predecessor-version":[{"id":2614,"href":"https:\/\/v-o-c.de\/index.php\/wp-json\/wp\/v2\/pages\/2457\/revisions\/2614"}],"wp:attachment":[{"href":"https:\/\/v-o-c.de\/index.php\/wp-json\/wp\/v2\/media?parent=2457"}],"curies":[{"name":"wp","href":"https:\/\/api.w.org\/{rel}","templated":true}]}}